{"id":2273,"date":"2021-03-28T13:11:55","date_gmt":"2021-03-28T11:11:55","guid":{"rendered":"https:\/\/belohorizonte.eleusal.com\/?page_id=2273"},"modified":"2021-04-28T14:27:00","modified_gmt":"2021-04-28T12:27:00","slug":"inicio","status":"publish","type":"page","link":"https:\/\/belohorizonte.eleusal.com\/pt-br\/","title":{"rendered":"Inicio"},"content":{"rendered":"<p>[vc_row css_animation=&#8221;&#8221; row_type=&#8221;row&#8221; use_row_as_full_screen_section=&#8221;no&#8221; type=&#8221;full_width&#8221; angled_section=&#8221;no&#8221; text_align=&#8221;left&#8221; background_image_as_pattern=&#8221;without_pattern&#8221; z_index=&#8221;5&#8243; css=&#8221;.vc_custom_1559671034940{background-color: #d22020 !important;}&#8221;][vc_column css=&#8221;.vc_custom_1525095376667{margin-bottom: -3% !important;}&#8221;][vc_column_text]<\/p>\n<h1 class=\"titulo-home\">ELE USAL Belo Horizonte. University of Salamanca<\/h1>\n<p>[\/vc_column_text][rev_slider_vc alias=&#8221;home-slider-br&#8221;][qode_elements_holder number_of_columns=&#8221;one_column&#8221;][qode_elements_holder_item advanced_animations=&#8221;no&#8221; item_padding=&#8221;46px 0 0 0&#8243; item_padding_1280_1440=&#8221;29px 0 0 0&#8243; item_padding_1024_1280=&#8221;29px 0 0 0&#8243; item_padding_768_1024=&#8221;20px 0 0 0&#8243; item_padding_600_768=&#8221;13px 0 0 0&#8243; item_padding_480_600=&#8221;0 0 0 0&#8243; item_padding_480=&#8221;0 0 0 0&#8243;][\/qode_elements_holder_item][\/qode_elements_holder][\/vc_column][\/vc_row][vc_row css_animation=&#8221;&#8221; row_type=&#8221;row&#8221; use_row_as_full_screen_section=&#8221;no&#8221; type=&#8221;grid&#8221; angled_section=&#8221;no&#8221; text_align=&#8221;center&#8221; background_image_as_pattern=&#8221;without_pattern&#8221; padding_bottom=&#8221;39&#8243; css=&#8221;.vc_custom_1526025235376{background-color: #ffffff !important;background-position: center !important;background-repeat: no-repeat !important;background-size: cover !important;}&#8221; z_index=&#8221;4&#8243;][vc_column][vc_empty_space height=&#8221;62px&#8221;][vc_column_text]<\/p>\n<h3 style=\"text-align: center;\"><span style=\"color: #d22000;\">Cursos mais solicitados<\/span><\/h3>\n<p>[\/vc_column_text][vc_empty_space height=&#8221;62px&#8221;][vc_column_text][\/vc_column_text][vc_empty_space height=&#8221;62px&#8221;]<div class=\"qode-course-slider-holder\"><div class=\"qode-course-list-holder qode-cl-gallery qode-normal-space qode-cl-four-columns qode-cl-standard qode-cl-pag-no-pagination     qode-pag-below-slider\"  data-number-of-columns=\"4\" data-space-between-items=\"normal\" data-number-of-items=\"-1\" data-enable-image=\"yes\" data-image-proportions=\"full\" data-category=\"cursos-mas-solicitados\" data-orderby=\"menu_order\" data-order=\"DESC\" data-item-layout=\"standard\" data-enable-title=\"yes\" data-title-tag=\"h4\" data-enable-instructor=\"yes\" data-enable-price=\"yes\" data-enable-excerpt=\"yes\" data-excerpt-length=\"130\" data-enable-students=\"yes\" data-enable-category=\"yes\" data-pagination-type=\"no-pagination\" data-filter=\"no\" data-enable-article-animation=\"no\" data-course-slider-on=\"yes\" data-enable-loop=\"no\" data-enable-autoplay=\"no\" data-slider-speed=\"3000\" data-slider-speed-animation=\"600\" data-enable-navigation=\"no\" data-enable-pagination=\"no\" data-pagination-position=\"below-slider\" data-widget=\"no\" data-max-num-pages=\"0\" data-next-page=\"2\">\n\t\t<div class=\"qode-cl-inner qode-outer-space qode-owl-slider qode-pl-is-slider clearfix\">\n\t\t<article class=\"qode-cl-item qode-item-space post-2456 course type-course status-publish has-post-thumbnail hentry course-category-dedique-se-ao-seu-espanhol-uma-vez-por-semana course-category-cursos-mais-solicitados course-category-ele-pt-br course-tag-conversacion-en-espanol course-tag-espanol-coloquial course-tag-espanol-para-empresas course-tag-hablar-espanol course-tag-mejora-tu-espanol-en-pocos-dias\"  data-name=espanhol-para-fins-espec\u00edficos data-date=>\n\t<div class=\"qode-cl-item-inner\">\n\t\t<div class=\"qode-cli-image\">\n\t\t\t<img loading=\"lazy\" decoding=\"async\" width=\"1000\" height=\"667\" src=\"https:\/\/belohorizonte.eleusal.com\/wp-content\/uploads\/sites\/18\/2019\/10\/Profesora.jpg\" class=\"attachment-full size-full wp-post-image\" alt=\"\" srcset=\"https:\/\/belohorizonte.eleusal.com\/wp-content\/uploads\/sites\/18\/2019\/10\/Profesora.jpg 1000w, https:\/\/belohorizonte.eleusal.com\/wp-content\/uploads\/sites\/18\/2019\/10\/Profesora-300x200.jpg 300w, https:\/\/belohorizonte.eleusal.com\/wp-content\/uploads\/sites\/18\/2019\/10\/Profesora-768x512.jpg 768w, https:\/\/belohorizonte.eleusal.com\/wp-content\/uploads\/sites\/18\/2019\/10\/Profesora-700x467.jpg 700w, https:\/\/belohorizonte.eleusal.com\/wp-content\/uploads\/sites\/18\/2019\/10\/Profesora-600x400.jpg 600w\" sizes=\"auto, (max-width: 1000px) 100vw, 1000px\" \/>\t<\/div>\n<div class=\"qode-cli-text-holder\">\n\t<div class=\"qode-cli-text-wrapper\">\n\t\t<div class=\"qode-cli-text\">\n\t\t\t<div class=\"qode-cli-top-info\">\n\t\t\t\t<div class=\"qode-ci-price-holder\">\n\t\t\t<span class=\"qode-ci-price-value\">\n          0      <\/span>\n\t<\/div>\n\n\t\t\t\t\t<h4 itemprop=\"name\" class=\"qode-cli-title entry-title\" >\n\t<a itemprop=\"url\" href=\"https:\/\/belohorizonte.eleusal.com\/pt-br\/course\/espanhol-para-fins-especificos\/\" target=\"_self\">\n\t\tEspanhol para fins espec\u00edficos\t<\/a>\n\t<\/h4>\n\t\t\t\t\t\t\n\t\t\t\t<a itemprop=\"url\" href=\"https:\/\/belohorizonte.eleusal.com\/pt-br\/course\/espanhol-para-fins-especificos\/\" target=\"_self\">\n    <span class=\"qode-instructor-name\">\n       Espanhol para fins espec\u00edficos    <\/span>\n<\/a>\n\t\t\t\n\t\t\t<\/div>\n\t\t\t\t<p itemprop=\"description\" class=\"qode-cli-excerpt\">Curso intensivo de espa\u00f1ol para extranjeros.<\/p>\n\t\t\t<div class=\"qode-cli-bottom-info\">\n\t\t\t\t\t\t<div class=\"qode-cli-category-holder\">\n\t\t\t<span aria-hidden=\"true\" class=\"qode-category-icon\"><\/span>\n\t\t\t\t\t\t\t<a itemprop=\"url\" class=\"qode-cli-category\" href=\"https:\/\/belohorizonte.eleusal.com\/pt-br\/course-category\/dedique-se-ao-seu-espanhol-uma-vez-por-semana\/\">Cursos extensivos<\/a>\n\t\t\t\t\t\t\t<a itemprop=\"url\" class=\"qode-cli-category\" href=\"https:\/\/belohorizonte.eleusal.com\/pt-br\/course-category\/cursos-mais-solicitados\/\">Cursos mais solicitados<\/a>\n\t\t\t\t\t\t\t<a itemprop=\"url\" class=\"qode-cli-category\" href=\"https:\/\/belohorizonte.eleusal.com\/pt-br\/course-category\/ele-pt-br\/\">ELE<\/a>\n\t\t\t\t\t<\/div>\n\t\t\t\t\t\n\t\t\t\t<div class=\"qode-students-number-holder\">\n\t<span aria-hidden=\"true\" class=\"dripicons-user qode-student-icon\"><\/span>\n\t<span class=\"qode-student-number\">\n        <\/span>\n<\/div>\n\t\t\t<\/div>\n\t\t<\/div>\n\t<\/div>\n<\/div>\t\t<a itemprop=\"url\" class=\"qode-cli-link qode-block-drag-link\" href=\"https:\/\/belohorizonte.eleusal.com\/pt-br\/course\/espanhol-para-fins-especificos\/\" target=\"_self\"><\/a>\n\t<\/div>\n<\/article><article class=\"qode-cl-item qode-item-space post-2201 course type-course status-publish has-post-thumbnail hentry course-category-para-melhorar-seu-espanhol-onde-voce-estiver course-category-cursos-mais-solicitados course-category-ele-pt-br\"  data-name=aulas-de-espanhol-online data-date=>\n\t<div class=\"qode-cl-item-inner\">\n\t\t<div class=\"qode-cli-image\">\n\t\t\t<img loading=\"lazy\" decoding=\"async\" width=\"4592\" height=\"3064\" src=\"https:\/\/belohorizonte.eleusal.com\/wp-content\/uploads\/sites\/18\/2019\/10\/Profesor-espa\u00f1ol.jpg\" class=\"attachment-full size-full wp-post-image\" alt=\"\" srcset=\"https:\/\/belohorizonte.eleusal.com\/wp-content\/uploads\/sites\/18\/2019\/10\/Profesor-espa\u00f1ol.jpg 4592w, https:\/\/belohorizonte.eleusal.com\/wp-content\/uploads\/sites\/18\/2019\/10\/Profesor-espa\u00f1ol-300x200.jpg 300w, https:\/\/belohorizonte.eleusal.com\/wp-content\/uploads\/sites\/18\/2019\/10\/Profesor-espa\u00f1ol-768x512.jpg 768w, https:\/\/belohorizonte.eleusal.com\/wp-content\/uploads\/sites\/18\/2019\/10\/Profesor-espa\u00f1ol-1024x683.jpg 1024w, https:\/\/belohorizonte.eleusal.com\/wp-content\/uploads\/sites\/18\/2019\/10\/Profesor-espa\u00f1ol-700x467.jpg 700w, https:\/\/belohorizonte.eleusal.com\/wp-content\/uploads\/sites\/18\/2019\/10\/Profesor-espa\u00f1ol-600x400.jpg 600w\" sizes=\"auto, (max-width: 4592px) 100vw, 4592px\" \/>\t<\/div>\n<div class=\"qode-cli-text-holder\">\n\t<div class=\"qode-cli-text-wrapper\">\n\t\t<div class=\"qode-cli-text\">\n\t\t\t<div class=\"qode-cli-top-info\">\n\t\t\t\t<div class=\"qode-ci-price-holder\">\n\t\t\t<span class=\"qode-ci-price-value\">\n          0      <\/span>\n\t<\/div>\n\n\t\t\t\t\t<h4 itemprop=\"name\" class=\"qode-cli-title entry-title\" >\n\t<a itemprop=\"url\" href=\"https:\/\/belohorizonte.eleusal.com\/pt-br\/course\/on-line\/\" target=\"_self\">\n\t\tAulas de espanhol online\t<\/a>\n\t<\/h4>\n\t\t\t\t\t\t\n\t\t\t\t<a itemprop=\"url\" href=\"https:\/\/belohorizonte.eleusal.com\/pt-br\/course\/on-line\/\" target=\"_self\">\n    <span class=\"qode-instructor-name\">\n       Aulas de espanhol online    <\/span>\n<\/a>\n\t\t\t\n\t\t\t<\/div>\n\t\t\t\t<p itemprop=\"description\" class=\"qode-cli-excerpt\">Curso intensivo de espanhol para estrangeiros.<\/p>\n\t\t\t<div class=\"qode-cli-bottom-info\">\n\t\t\t\t\t\t<div class=\"qode-cli-category-holder\">\n\t\t\t<span aria-hidden=\"true\" class=\"qode-category-icon\"><\/span>\n\t\t\t\t\t\t\t<a itemprop=\"url\" class=\"qode-cli-category\" href=\"https:\/\/belohorizonte.eleusal.com\/pt-br\/course-category\/para-melhorar-seu-espanhol-onde-voce-estiver\/\">Aulas online<\/a>\n\t\t\t\t\t\t\t<a itemprop=\"url\" class=\"qode-cli-category\" href=\"https:\/\/belohorizonte.eleusal.com\/pt-br\/course-category\/cursos-mais-solicitados\/\">Cursos mais solicitados<\/a>\n\t\t\t\t\t\t\t<a itemprop=\"url\" class=\"qode-cli-category\" href=\"https:\/\/belohorizonte.eleusal.com\/pt-br\/course-category\/ele-pt-br\/\">ELE<\/a>\n\t\t\t\t\t<\/div>\n\t\t\t\t\t\n\t\t\t\t<div class=\"qode-students-number-holder\">\n\t<span aria-hidden=\"true\" class=\"dripicons-user qode-student-icon\"><\/span>\n\t<span class=\"qode-student-number\">\n        <\/span>\n<\/div>\n\t\t\t<\/div>\n\t\t<\/div>\n\t<\/div>\n<\/div>\t\t<a itemprop=\"url\" class=\"qode-cli-link qode-block-drag-link\" href=\"https:\/\/belohorizonte.eleusal.com\/pt-br\/course\/on-line\/\" target=\"_self\"><\/a>\n\t<\/div>\n<\/article><article class=\"qode-cl-item qode-item-space post-2215 course type-course status-publish has-post-thumbnail hentry course-category-dedique-se-ao-seu-espanhol-uma-vez-por-semana course-category-cursos-mais-solicitados course-category-ele-pt-br course-tag-curso-espanol-intensivo course-tag-curso-extensivo course-tag-mejora-tu-espanol-en-pocos-dias\"  data-name=curso-extensivo-de-espanhol data-date=>\n\t<div class=\"qode-cl-item-inner\">\n\t\t<div class=\"qode-cli-image\">\n\t\t\t<img loading=\"lazy\" decoding=\"async\" width=\"1024\" height=\"765\" src=\"https:\/\/belohorizonte.eleusal.com\/wp-content\/uploads\/sites\/18\/2019\/10\/adultos.jpg\" class=\"attachment-full size-full wp-post-image\" alt=\"Curso extensivo\" srcset=\"https:\/\/belohorizonte.eleusal.com\/wp-content\/uploads\/sites\/18\/2019\/10\/adultos.jpg 1024w, https:\/\/belohorizonte.eleusal.com\/wp-content\/uploads\/sites\/18\/2019\/10\/adultos-300x224.jpg 300w, https:\/\/belohorizonte.eleusal.com\/wp-content\/uploads\/sites\/18\/2019\/10\/adultos-768x574.jpg 768w, https:\/\/belohorizonte.eleusal.com\/wp-content\/uploads\/sites\/18\/2019\/10\/adultos-700x523.jpg 700w, https:\/\/belohorizonte.eleusal.com\/wp-content\/uploads\/sites\/18\/2019\/10\/adultos-600x448.jpg 600w\" sizes=\"auto, (max-width: 1024px) 100vw, 1024px\" \/>\t<\/div>\n<div class=\"qode-cli-text-holder\">\n\t<div class=\"qode-cli-text-wrapper\">\n\t\t<div class=\"qode-cli-text\">\n\t\t\t<div class=\"qode-cli-top-info\">\n\t\t\t\t<div class=\"qode-ci-price-holder\">\n\t\t\t<span class=\"qode-ci-price-value\">\n          0      <\/span>\n\t<\/div>\n\n\t\t\t\t\t<h4 itemprop=\"name\" class=\"qode-cli-title entry-title\" >\n\t<a itemprop=\"url\" href=\"https:\/\/belohorizonte.eleusal.com\/pt-br\/course\/curso-extensivo-de-espanhol\/\" target=\"_self\">\n\t\tCurso extensivo de espanhol\t<\/a>\n\t<\/h4>\n\t\t\t\t\t\t\n\t\t\t\t<a itemprop=\"url\" href=\"https:\/\/belohorizonte.eleusal.com\/pt-br\/course\/curso-extensivo-de-espanhol\/\" target=\"_self\">\n    <span class=\"qode-instructor-name\">\n       Curso extensivo de espanhol    <\/span>\n<\/a>\n\t\t\t\n\t\t\t<\/div>\n\t\t\t\t<p itemprop=\"description\" class=\"qode-cli-excerpt\">Curso intensivo de espanhol para estrangeiros.<\/p>\n\t\t\t<div class=\"qode-cli-bottom-info\">\n\t\t\t\t\t\t<div class=\"qode-cli-category-holder\">\n\t\t\t<span aria-hidden=\"true\" class=\"qode-category-icon\"><\/span>\n\t\t\t\t\t\t\t<a itemprop=\"url\" class=\"qode-cli-category\" href=\"https:\/\/belohorizonte.eleusal.com\/pt-br\/course-category\/dedique-se-ao-seu-espanhol-uma-vez-por-semana\/\">Cursos extensivos<\/a>\n\t\t\t\t\t\t\t<a itemprop=\"url\" class=\"qode-cli-category\" href=\"https:\/\/belohorizonte.eleusal.com\/pt-br\/course-category\/cursos-mais-solicitados\/\">Cursos mais solicitados<\/a>\n\t\t\t\t\t\t\t<a itemprop=\"url\" class=\"qode-cli-category\" href=\"https:\/\/belohorizonte.eleusal.com\/pt-br\/course-category\/ele-pt-br\/\">ELE<\/a>\n\t\t\t\t\t<\/div>\n\t\t\t\t\t\n\t\t\t\t<div class=\"qode-students-number-holder\">\n\t<span aria-hidden=\"true\" class=\"dripicons-user qode-student-icon\"><\/span>\n\t<span class=\"qode-student-number\">\n        <\/span>\n<\/div>\n\t\t\t<\/div>\n\t\t<\/div>\n\t<\/div>\n<\/div>\t\t<a itemprop=\"url\" class=\"qode-cli-link qode-block-drag-link\" href=\"https:\/\/belohorizonte.eleusal.com\/pt-br\/course\/curso-extensivo-de-espanhol\/\" target=\"_self\"><\/a>\n\t<\/div>\n<\/article><article class=\"qode-cl-item qode-item-space post-2200 course type-course status-publish has-post-thumbnail hentry course-category-voce-e-seu-professor course-category-cursos-mais-solicitados course-category-ele-pt-br\"  data-name=aulas-individuais-de-espanhol data-date=>\n\t<div class=\"qode-cl-item-inner\">\n\t\t<div class=\"qode-cli-image\">\n\t\t\t<img loading=\"lazy\" decoding=\"async\" width=\"1000\" height=\"667\" src=\"https:\/\/belohorizonte.eleusal.com\/wp-content\/uploads\/sites\/18\/2019\/10\/Clases-particulares.jpg\" class=\"attachment-full size-full wp-post-image\" alt=\"\" srcset=\"https:\/\/belohorizonte.eleusal.com\/wp-content\/uploads\/sites\/18\/2019\/10\/Clases-particulares.jpg 1000w, https:\/\/belohorizonte.eleusal.com\/wp-content\/uploads\/sites\/18\/2019\/10\/Clases-particulares-300x200.jpg 300w, https:\/\/belohorizonte.eleusal.com\/wp-content\/uploads\/sites\/18\/2019\/10\/Clases-particulares-768x512.jpg 768w, https:\/\/belohorizonte.eleusal.com\/wp-content\/uploads\/sites\/18\/2019\/10\/Clases-particulares-700x467.jpg 700w, https:\/\/belohorizonte.eleusal.com\/wp-content\/uploads\/sites\/18\/2019\/10\/Clases-particulares-600x400.jpg 600w\" sizes=\"auto, (max-width: 1000px) 100vw, 1000px\" \/>\t<\/div>\n<div class=\"qode-cli-text-holder\">\n\t<div class=\"qode-cli-text-wrapper\">\n\t\t<div class=\"qode-cli-text\">\n\t\t\t<div class=\"qode-cli-top-info\">\n\t\t\t\t<div class=\"qode-ci-price-holder\">\n\t\t\t<span class=\"qode-ci-price-value\">\n          0      <\/span>\n\t<\/div>\n\n\t\t\t\t\t<h4 itemprop=\"name\" class=\"qode-cli-title entry-title\" >\n\t<a itemprop=\"url\" href=\"https:\/\/belohorizonte.eleusal.com\/pt-br\/course\/aulas-individuais-de-espanhol\/\" target=\"_self\">\n\t\tAulas individuais de espanhol\t<\/a>\n\t<\/h4>\n\t\t\t\t\t\t\n\t\t\t\t<a itemprop=\"url\" href=\"https:\/\/belohorizonte.eleusal.com\/pt-br\/course\/aulas-individuais-de-espanhol\/\" target=\"_self\">\n    <span class=\"qode-instructor-name\">\n       Aulas individuais de espanhol    <\/span>\n<\/a>\n\t\t\t\n\t\t\t<\/div>\n\t\t\t\t<p itemprop=\"description\" class=\"qode-cli-excerpt\">Curso intensivo de espanhol para estrangeiros.<\/p>\n\t\t\t<div class=\"qode-cli-bottom-info\">\n\t\t\t\t\t\t<div class=\"qode-cli-category-holder\">\n\t\t\t<span aria-hidden=\"true\" class=\"qode-category-icon\"><\/span>\n\t\t\t\t\t\t\t<a itemprop=\"url\" class=\"qode-cli-category\" href=\"https:\/\/belohorizonte.eleusal.com\/pt-br\/course-category\/voce-e-seu-professor\/\">Aulas particulares<\/a>\n\t\t\t\t\t\t\t<a itemprop=\"url\" class=\"qode-cli-category\" href=\"https:\/\/belohorizonte.eleusal.com\/pt-br\/course-category\/cursos-mais-solicitados\/\">Cursos mais solicitados<\/a>\n\t\t\t\t\t\t\t<a itemprop=\"url\" class=\"qode-cli-category\" href=\"https:\/\/belohorizonte.eleusal.com\/pt-br\/course-category\/ele-pt-br\/\">ELE<\/a>\n\t\t\t\t\t<\/div>\n\t\t\t\t\t\n\t\t\t\t<div class=\"qode-students-number-holder\">\n\t<span aria-hidden=\"true\" class=\"dripicons-user qode-student-icon\"><\/span>\n\t<span class=\"qode-student-number\">\n        <\/span>\n<\/div>\n\t\t\t<\/div>\n\t\t<\/div>\n\t<\/div>\n<\/div>\t\t<a itemprop=\"url\" class=\"qode-cli-link qode-block-drag-link\" href=\"https:\/\/belohorizonte.eleusal.com\/pt-br\/course\/aulas-individuais-de-espanhol\/\" target=\"_self\"><\/a>\n\t<\/div>\n<\/article><article class=\"qode-cl-item qode-item-space post-2206 course type-course status-publish has-post-thumbnail hentry course-category-cursos-mais-solicitados course-category-ele-pt-br course-category-preparacao-siele-e-dele\"  data-name=curso-de-prepara\u00e7\u00e3o-para-siele-e-dele data-date=>\n\t<div class=\"qode-cl-item-inner\">\n\t\t<div class=\"qode-cli-image\">\n\t\t\t<img loading=\"lazy\" decoding=\"async\" width=\"1920\" height=\"1280\" src=\"https:\/\/belohorizonte.eleusal.com\/wp-content\/uploads\/sites\/18\/2019\/10\/college-2104580_1920.jpg\" class=\"attachment-full size-full wp-post-image\" alt=\"\" srcset=\"https:\/\/belohorizonte.eleusal.com\/wp-content\/uploads\/sites\/18\/2019\/10\/college-2104580_1920.jpg 1920w, https:\/\/belohorizonte.eleusal.com\/wp-content\/uploads\/sites\/18\/2019\/10\/college-2104580_1920-300x200.jpg 300w, https:\/\/belohorizonte.eleusal.com\/wp-content\/uploads\/sites\/18\/2019\/10\/college-2104580_1920-768x512.jpg 768w, https:\/\/belohorizonte.eleusal.com\/wp-content\/uploads\/sites\/18\/2019\/10\/college-2104580_1920-1024x683.jpg 1024w, https:\/\/belohorizonte.eleusal.com\/wp-content\/uploads\/sites\/18\/2019\/10\/college-2104580_1920-700x467.jpg 700w, https:\/\/belohorizonte.eleusal.com\/wp-content\/uploads\/sites\/18\/2019\/10\/college-2104580_1920-600x400.jpg 600w\" sizes=\"auto, (max-width: 1920px) 100vw, 1920px\" \/>\t<\/div>\n<div class=\"qode-cli-text-holder\">\n\t<div class=\"qode-cli-text-wrapper\">\n\t\t<div class=\"qode-cli-text\">\n\t\t\t<div class=\"qode-cli-top-info\">\n\t\t\t\t<div class=\"qode-ci-price-holder\">\n\t\t\t<span class=\"qode-ci-price-value\">\n          0      <\/span>\n\t<\/div>\n\n\t\t\t\t\t<h4 itemprop=\"name\" class=\"qode-cli-title entry-title\" >\n\t<a itemprop=\"url\" href=\"https:\/\/belohorizonte.eleusal.com\/pt-br\/course\/curso-de-preparacao-para-siele-e-dele\/\" target=\"_self\">\n\t\tCurso de prepara\u00e7\u00e3o para SIELE e DELE\t<\/a>\n\t<\/h4>\n\t\t\t\t\t\t\n\t\t\t\t<a itemprop=\"url\" href=\"https:\/\/belohorizonte.eleusal.com\/pt-br\/course\/curso-de-preparacao-para-siele-e-dele\/\" target=\"_self\">\n    <span class=\"qode-instructor-name\">\n       Curso de prepara\u00e7\u00e3o para SIELE e DELE    <\/span>\n<\/a>\n\t\t\t\n\t\t\t<\/div>\n\t\t\t\t<p itemprop=\"description\" class=\"qode-cli-excerpt\">Curso intensivo de espanhol para estrangeiros.<\/p>\n\t\t\t<div class=\"qode-cli-bottom-info\">\n\t\t\t\t\t\t<div class=\"qode-cli-category-holder\">\n\t\t\t<span aria-hidden=\"true\" class=\"qode-category-icon\"><\/span>\n\t\t\t\t\t\t\t<a itemprop=\"url\" class=\"qode-cli-category\" href=\"https:\/\/belohorizonte.eleusal.com\/pt-br\/course-category\/cursos-mais-solicitados\/\">Cursos mais solicitados<\/a>\n\t\t\t\t\t\t\t<a itemprop=\"url\" class=\"qode-cli-category\" href=\"https:\/\/belohorizonte.eleusal.com\/pt-br\/course-category\/ele-pt-br\/\">ELE<\/a>\n\t\t\t\t\t\t\t<a itemprop=\"url\" class=\"qode-cli-category\" href=\"https:\/\/belohorizonte.eleusal.com\/pt-br\/course-category\/preparacao-siele-e-dele\/\">Prepara\u00e7\u00e3o para SIELE e DELE<\/a>\n\t\t\t\t\t<\/div>\n\t\t\t\t\t\n\t\t\t\t<div class=\"qode-students-number-holder\">\n\t<span aria-hidden=\"true\" class=\"dripicons-user qode-student-icon\"><\/span>\n\t<span class=\"qode-student-number\">\n        <\/span>\n<\/div>\n\t\t\t<\/div>\n\t\t<\/div>\n\t<\/div>\n<\/div>\t\t<a itemprop=\"url\" class=\"qode-cli-link qode-block-drag-link\" href=\"https:\/\/belohorizonte.eleusal.com\/pt-br\/course\/curso-de-preparacao-para-siele-e-dele\/\" target=\"_self\"><\/a>\n\t<\/div>\n<\/article><article class=\"qode-cl-item qode-item-space post-2207 course type-course status-publish has-post-thumbnail hentry course-category-cursos-mais-solicitados course-category-ele-pt-br course-category-tornar-se-um-professor-de-espanhol\"  data-name=curso-de-forma\u00e7\u00e3o-para-professores-ele data-date=>\n\t<div class=\"qode-cl-item-inner\">\n\t\t<div class=\"qode-cli-image\">\n\t\t\t<img loading=\"lazy\" decoding=\"async\" width=\"1000\" height=\"667\" src=\"https:\/\/belohorizonte.eleusal.com\/wp-content\/uploads\/sites\/18\/2019\/10\/Jefa-hablando-en-sala.jpg\" class=\"attachment-full size-full wp-post-image\" alt=\"Profesor espa\u00f1ol\" srcset=\"https:\/\/belohorizonte.eleusal.com\/wp-content\/uploads\/sites\/18\/2019\/10\/Jefa-hablando-en-sala.jpg 1000w, https:\/\/belohorizonte.eleusal.com\/wp-content\/uploads\/sites\/18\/2019\/10\/Jefa-hablando-en-sala-300x200.jpg 300w, https:\/\/belohorizonte.eleusal.com\/wp-content\/uploads\/sites\/18\/2019\/10\/Jefa-hablando-en-sala-768x512.jpg 768w, https:\/\/belohorizonte.eleusal.com\/wp-content\/uploads\/sites\/18\/2019\/10\/Jefa-hablando-en-sala-700x467.jpg 700w, https:\/\/belohorizonte.eleusal.com\/wp-content\/uploads\/sites\/18\/2019\/10\/Jefa-hablando-en-sala-600x400.jpg 600w\" sizes=\"auto, (max-width: 1000px) 100vw, 1000px\" \/>\t<\/div>\n<div class=\"qode-cli-text-holder\">\n\t<div class=\"qode-cli-text-wrapper\">\n\t\t<div class=\"qode-cli-text\">\n\t\t\t<div class=\"qode-cli-top-info\">\n\t\t\t\t<div class=\"qode-ci-price-holder\">\n\t\t\t<span class=\"qode-ci-price-value\">\n          0      <\/span>\n\t<\/div>\n\n\t\t\t\t\t<h4 itemprop=\"name\" class=\"qode-cli-title entry-title\" >\n\t<a itemprop=\"url\" href=\"https:\/\/belohorizonte.eleusal.com\/pt-br\/course\/curso-de-formacao-para-professores-ele\/\" target=\"_self\">\n\t\tCurso de forma\u00e7\u00e3o para professores ELE\t<\/a>\n\t<\/h4>\n\t\t\t\t\t\t\n\t\t\t\t<a itemprop=\"url\" href=\"https:\/\/belohorizonte.eleusal.com\/pt-br\/course\/curso-de-formacao-para-professores-ele\/\" target=\"_self\">\n    <span class=\"qode-instructor-name\">\n       Curso de forma\u00e7\u00e3o para professores ELE    <\/span>\n<\/a>\n\t\t\t\n\t\t\t<\/div>\n\t\t\t\t<p itemprop=\"description\" class=\"qode-cli-excerpt\">Curso intensivo de espanhol para estrangeiros.<\/p>\n\t\t\t<div class=\"qode-cli-bottom-info\">\n\t\t\t\t\t\t<div class=\"qode-cli-category-holder\">\n\t\t\t<span aria-hidden=\"true\" class=\"qode-category-icon\"><\/span>\n\t\t\t\t\t\t\t<a itemprop=\"url\" class=\"qode-cli-category\" href=\"https:\/\/belohorizonte.eleusal.com\/pt-br\/course-category\/cursos-mais-solicitados\/\">Cursos mais solicitados<\/a>\n\t\t\t\t\t\t\t<a itemprop=\"url\" class=\"qode-cli-category\" href=\"https:\/\/belohorizonte.eleusal.com\/pt-br\/course-category\/ele-pt-br\/\">ELE<\/a>\n\t\t\t\t\t\t\t<a itemprop=\"url\" class=\"qode-cli-category\" href=\"https:\/\/belohorizonte.eleusal.com\/pt-br\/course-category\/tornar-se-um-professor-de-espanhol\/\">Professor de espanhol<\/a>\n\t\t\t\t\t<\/div>\n\t\t\t\t\t\n\t\t\t\t<div class=\"qode-students-number-holder\">\n\t<span aria-hidden=\"true\" class=\"dripicons-user qode-student-icon\"><\/span>\n\t<span class=\"qode-student-number\">\n        <\/span>\n<\/div>\n\t\t\t<\/div>\n\t\t<\/div>\n\t<\/div>\n<\/div>\t\t<a itemprop=\"url\" class=\"qode-cli-link qode-block-drag-link\" href=\"https:\/\/belohorizonte.eleusal.com\/pt-br\/course\/curso-de-formacao-para-professores-ele\/\" target=\"_self\"><\/a>\n\t<\/div>\n<\/article>\t<\/div>\n\t\n\t<\/div><\/div>[\/vc_column][vc_column][\/vc_column][\/vc_row][vc_row css_animation=&#8221;&#8221; row_type=&#8221;row&#8221; use_row_as_full_screen_section=&#8221;no&#8221; type=&#8221;full_width&#8221; angled_section=&#8221;no&#8221; text_align=&#8221;left&#8221; background_image_as_pattern=&#8221;without_pattern&#8221; padding_bottom=&#8221;120&#8243; z_index=&#8221;6&#8243; css=&#8221;.vc_custom_1562667364656{background-color: #ffffff !important;}&#8221;][vc_column width=&#8221;1\/6&#8243;][\/vc_column][vc_column width=&#8221;2\/3&#8243; el_class=&#8221;boton-centrado&#8221;]<a  itemprop=\"url\" href=\"https:\/\/belohorizonte.eleusal.com\/elige-tu-curso\/\" target=\"_self\"  class=\"qbutton  big_large_full_width center enlarge\" style=\"font-size: 40px; \">Outros cursos<i class=\"qode_icon_font_awesome fa fa-link qode_button_icon_element\" style=\"color: #99042f;\" ><\/i><\/a>[\/vc_column][vc_column width=&#8221;1\/6&#8243;][\/vc_column][\/vc_row][vc_row css_animation=&#8221;&#8221; row_type=&#8221;row&#8221; use_row_as_full_screen_section=&#8221;no&#8221; type=&#8221;grid&#8221; angled_section=&#8221;no&#8221; text_align=&#8221;center&#8221; background_image_as_pattern=&#8221;without_pattern&#8221; padding_bottom=&#8221;30&#8243; z_index=&#8221;&#8221; css=&#8221;.vc_custom_1559300747593{padding-bottom: 100px !important;background-color: #ffffff !important;}&#8221;][vc_column width=&#8221;1\/4&#8243;]<div class='q_icon_with_title large circle center '><div class=\"icon_holder \" style=\" \"><span data-icon-type=\"circle\" data-icon-hover-color=\"#ffffff\" data-icon-hover-bg-color=\"#99042f\" class=\"qode_iwt_icon_holder fa-stack fa-4x  \" style=\"border-color: #99042f;background-color: #ffffff;\"><i class=\"qodef-icon-linea-icon icon-basic-bookmark qode_iwt_icon_element\" style=\"color: #99042f;\" ><\/i><\/span><\/div><div class=\"icon_text_holder\" style=\"\"><div class=\"icon_text_inner\" style=\"\"><h4 class=\"icon_title\" style=\"\">Professores com qualifica\u00e7\u00e3o especializada no ensino de espanhol<\/h4><p style='color: #7c7c7c'><\/p><\/div><\/div><\/div>[\/vc_column][vc_column width=&#8221;1\/4&#8243;]<div class='q_icon_with_title large circle center '><div class=\"icon_holder \" style=\" \"><span data-icon-type=\"circle\" data-icon-hover-color=\"#ffffff\" data-icon-hover-bg-color=\"#99042f\" class=\"qode_iwt_icon_holder fa-stack fa-4x  \" style=\"border-color: #99042f;background-color: #ffffff;\"><i class=\"qodef-icon-linea-icon icon-basic-mouse qode_iwt_icon_element\" style=\"color: #99042f;\" ><\/i><\/span><\/div><div class=\"icon_text_holder\" style=\"\"><div class=\"icon_text_inner\" style=\"\"><h4 class=\"icon_title\" style=\"\">Recep\u00e7\u00e3o de descanso com wi-fi<\/h4><p style='color: #7c7c7c'><\/p><\/div><\/div><\/div>[\/vc_column][vc_column width=&#8221;1\/4&#8243;]<div class='q_icon_with_title large circle center '><div class=\"icon_holder \" style=\" \"><span data-icon-type=\"circle\" data-icon-hover-color=\"#ffffff\" data-icon-hover-bg-color=\"#99042f\" class=\"qode_iwt_icon_holder fa-stack fa-4x  \" style=\"border-color: #99042f;background-color: #ffffff;\"><i class=\"qodef-icon-linea-icon icon-basic-star qode_iwt_icon_element\" style=\"color: #99042f;\" ><\/i><\/span><\/div><div class=\"icon_text_holder\" style=\"\"><div class=\"icon_text_inner\" style=\"\"><h4 class=\"icon_title\" style=\"\">A Dez minutos do centro de Belo Horizonte<\/h4><p style='color: #7c7c7c'><\/p><\/div><\/div><\/div>[\/vc_column][vc_column width=&#8221;1\/4&#8243;]<div class='q_icon_with_title large circle center '><div class=\"icon_holder \" style=\" \"><span data-icon-type=\"circle\" data-icon-hover-color=\"#ffffff\" data-icon-hover-bg-color=\"#99042f\" class=\"qode_iwt_icon_holder fa-stack fa-4x  \" style=\"border-color: #99042f;background-color: #ffffff;\"><i class=\"qodef-icon-linea-icon icon-basic-message-multiple qode_iwt_icon_element\" style=\"color: #99042f;\" ><\/i><\/span><\/div><div class=\"icon_text_holder\" style=\"\"><div class=\"icon_text_inner\" style=\"\"><h4 class=\"icon_title\" style=\"\">Salas de aula acomodadas para grupos, com computadores e quadro negro<\/h4><p style='color: #7c7c7c'><\/p><\/div><\/div><\/div>[\/vc_column][\/vc_row][vc_row css_animation=&#8221;&#8221; row_type=&#8221;row&#8221; use_row_as_full_screen_section=&#8221;no&#8221; type=&#8221;grid&#8221; angled_section=&#8221;no&#8221; text_align=&#8221;left&#8221; background_image_as_pattern=&#8221;without_pattern&#8221; padding_bottom=&#8221;120&#8243; z_index=&#8221;6&#8243; css=&#8221;.vc_custom_1575990662750{background-image: url(http:\/\/belohorizonte-dev.elemultisite.eleusal.com\/wp-content\/uploads\/sites\/8\/2019\/12\/fondo-3.jpg?id=1754) !important;}&#8221;][vc_column][vc_empty_space][vc_row_inner row_type=&#8221;row&#8221; type=&#8221;full_width&#8221; text_align=&#8221;left&#8221; css_animation=&#8221;&#8221;][vc_column_inner][vc_column_text css=&#8221;.vc_custom_1575910662063{margin-bottom: 50px !important;}&#8221;]<\/p>\n<h3 style=\"text-align: center;\"><em><span style=\"color: #d22000;\">Siga-nos!<\/span><\/em><\/h3>\n<p>[\/vc_column_text][vc_empty_space][\/vc_column_inner][\/vc_row_inner][vc_row_inner row_type=&#8221;row&#8221; type=&#8221;grid&#8221; text_align=&#8221;left&#8221; css_animation=&#8221;&#8221;][vc_column_inner width=&#8221;1\/3&#8243;][\/vc_column_inner][vc_column_inner width=&#8221;1\/3&#8243;]<div class='q_icon_with_title medium normal_icon center '><div class=\"icon_holder \" style=\" \"><span data-icon-type=\"normal\"   style=\"\" class=\"qode_iwt_icon_holder q_font_awsome_icon fa-3x  \"><i class=\"qode_icon_font_awesome fa fa-facebook qode_iwt_icon_element\" style=\"\" ><\/i><\/span><\/div><div class=\"icon_text_holder\" style=\"\"><div class=\"icon_text_inner\" style=\"\"><h5 class=\"icon_title\" style=\"\"><\/h5><p style=''><\/p><\/div><\/div><\/div>[vc_raw_html]JTNDaWZyYW1lJTIwc3JjJTNEJTIyaHR0cHMlM0ElMkYlMkZ3d3cuZmFjZWJvb2suY29tJTJGcGx1Z2lucyUyRnBhZ2UucGhwJTNGaHJlZiUzRGh0dHBzJTI1M0ElMjUyRiUyNTJGd3d3LmZhY2Vib29rLmNvbSUyNTJGRUxFVVNBTEJlbG9Ib3Jpem9udGUlMjUyRiUyNnRhYnMlM0R0aW1lbGluZSUyNndpZHRoJTNENDAwJTI2aGVpZ2h0JTNENTAwJTI2c21hbGxfaGVhZGVyJTNEZmFsc2UlMjZhZGFwdF9jb250YWluZXJfd2lkdGglM0R0cnVlJTI2aGlkZV9jb3ZlciUzRGZhbHNlJTI2c2hvd19mYWNlcGlsZSUzRHRydWUlMjZhcHBJZCUyMiUyMHdpZHRoJTNEJTIyNDAwJTIyJTIwaGVpZ2h0JTNEJTIyNTAwJTIyJTIwc3R5bGUlM0QlMjJib3JkZXIlM0Fub25lJTNCb3ZlcmZsb3clM0FoaWRkZW4lMjIlMjBzY3JvbGxpbmclM0QlMjJubyUyMiUyMGZyYW1lYm9yZGVyJTNEJTIyMCUyMiUyMGFsbG93VHJhbnNwYXJlbmN5JTNEJTIydHJ1ZSUyMiUyMGFsbG93JTNEJTIyZW5jcnlwdGVkLW1lZGlhJTIyJTNFJTNDJTJGaWZyYW1lJTNF[\/vc_raw_html][\/vc_column_inner][vc_column_inner width=&#8221;1\/3&#8243;][\/vc_column_inner][\/vc_row_inner][\/vc_column][\/vc_row][vc_row css_animation=&#8221;&#8221; row_type=&#8221;row&#8221; use_row_as_full_screen_section=&#8221;no&#8221; type=&#8221;grid&#8221; angled_section=&#8221;no&#8221; text_align=&#8221;left&#8221; background_image_as_pattern=&#8221;without_pattern&#8221; css=&#8221;.vc_custom_1576065440281{margin-top: 100px !important;}&#8221; z_index=&#8221;&#8221;][vc_column][vc_column_text]<\/p>\n<h3 style=\"text-align: center;\"><em><span style=\"color: #d22000;\">Depoimentos sobre n\u00f3s &#8230;<\/span><\/em><\/h3>\n<p>[\/vc_column_text][vc_empty_space]<div class='testimonials_c_holder clearfix dark'><div class=\"testimonials_c testimonials_c_carousel\" data-show-navigation=\"yes\" data-animation-speed=\"\" data-auto-rotate-slides=\"5\" data-number-per-slide=\"1\"><ul class=\"slides\"><li id=\"testimonials-c-2376\" class=\"testimonial_content\"><div class=\"testimonial_content_inner\"><div class=\"testimonial_image_holder\"><img decoding=\"async\" src=\"\" \/><\/div><div class=\"testimonial_text_holder\"><div class=\"testimonial_text_inner\" style=\"\"><p>El espa\u00f1ol es sin duda mi segunda lengua. Me identifico mucho con la lengua espa\u00f1ola y siento que cada d\u00eda mejoro m\u00e1s y m\u00e1s, especialmente cuando veo una pel\u00edcula, escucho m\u00fasica, veo series sin subt\u00edtulos y consigo entenderlas. Tambi\u00e9n cuando estoy viajando y consigo comunicarme con las otras personas sin dificultad. Esto hace que mis ganas de aprender aumenten cada vez m\u00e1s.<\/p><p class=\"testimonial_author\" style=\"color: #d22020;\">Mar\u00eda Bernadete Henriques<\/p><\/div><\/div><\/div><\/li><li id=\"testimonials-c-2375\" class=\"testimonial_content\"><div class=\"testimonial_content_inner\"><div class=\"testimonial_image_holder\"><img decoding=\"async\" src=\"\" \/><\/div><div class=\"testimonial_text_holder\"><div class=\"testimonial_text_inner\" style=\"\"><p>Despu\u00e9s de que empec\u00e9 las clases de espa\u00f1ol en la Escuela de Lengua Espa\u00f1ola de la Universidad de Salamanca em Belo Horizonte, tuve la oportunidad de viajar a Espa\u00f1a y pude comprobar que realmente comprend\u00eda todo lo que hablaban en aquel pa\u00eds y que todos me comprend\u00edan perfectamente. Esta experiencia me posibilit\u00f3 conocer mejor la cultura espa\u00f1ola con la cual me identifiqu\u00e9.<\/p><p class=\"testimonial_author\" style=\"color: #d22020;\">Gilda Amorim<\/p><\/div><\/div><\/div><\/li><\/ul><\/div><\/div>[vc_row_inner row_type=&#8221;row&#8221; type=&#8221;full_width&#8221; text_align=&#8221;left&#8221; css_animation=&#8221;&#8221; css=&#8221;.vc_custom_1576066255987{margin-top: 40px !important;margin-bottom: 40px !important;}&#8221;][vc_column_inner width=&#8221;1\/3&#8243;][\/vc_column_inner][vc_column_inner width=&#8221;1\/3&#8243;]<a  itemprop=\"url\" href=\"http:\/\/belohorizonte.eleusal.com\/nuestros-alumnos\/\" target=\"_self\"  class=\"qbutton  large center enlarge\" style=\"font-size: 40px; \">Diga-nos a sua opini\u00e3o<i class=\"qode_icon_font_awesome fa fa-link qode_button_icon_element\" style=\"color: #99042f;\" ><\/i><\/a>[\/vc_column_inner][vc_column_inner width=&#8221;1\/3&#8243;][\/vc_column_inner][vc_column_inner][\/vc_column_inner][\/vc_row_inner][\/vc_column][\/vc_row][vc_row css_animation=&#8221;&#8221; row_type=&#8221;row&#8221; use_row_as_full_screen_section=&#8221;no&#8221; type=&#8221;grid&#8221; angled_section=&#8221;no&#8221; text_align=&#8221;center&#8221; background_image_as_pattern=&#8221;without_pattern&#8221; padding_top=&#8221;140&#8243; padding_bottom=&#8221;179&#8243; z_index=&#8221;&#8221; css=&#8221;.vc_custom_1575990879061{background-image: url(http:\/\/belohorizonte-dev.elemultisite.eleusal.com\/wp-content\/uploads\/sites\/8\/2019\/12\/fondo-3.jpg?id=1754) !important;background-position: center !important;background-repeat: no-repeat !important;background-size: cover !important;}&#8221;][vc_column][vc_column_text]<\/p>\n<h3 style=\"text-align: center;\"><span style=\"color: #d22020;\">\u00daltimas not\u00edcias<\/span><\/h3>\n<p>[\/vc_column_text][vc_empty_space][qode_elements_holder number_of_columns=&#8221;one_column&#8221;][qode_elements_holder_item advanced_animations=&#8221;no&#8221; item_padding=&#8221;18px 18% 0 18%&#8221;][vc_column_text]<\/p>\n<h5>Acompanhe as novidades da ELE USAL Belo Horizonte<\/h5>\n<p>[\/vc_column_text][\/qode_elements_holder_item][\/qode_elements_holder][vc_empty_space height=&#8221;59px&#8221;]\n<div class='latest_post_holder boxes three_columns one_row' >\n    <ul>\n    \n        <li class=\"clearfix\">\n            <div class=\"boxes_image\">\n                <a itemprop=\"url\" href=\"https:\/\/belohorizonte.eleusal.com\/pt-br\/a-demanda-por-professores-ele-continua-a-crescer\/\"><img loading=\"lazy\" decoding=\"async\" width=\"539\" height=\"303\" src=\"https:\/\/belohorizonte.eleusal.com\/wp-content\/uploads\/sites\/18\/2019\/12\/Profesor-3-539x303.jpg\" class=\"attachment-latest_post_boxes size-latest_post_boxes wp-post-image\" alt=\"\" \/><\/a>\n            <\/div>\n            <div class=\"latest_post\"  >\n                <div class=\"latest_post_text\">\n                    <div class=\"latest_post_inner\">\n                        <div class=\"latest_post_text_inner\">\n                            <h4 itemprop=\"name\" class=\"latest_post_title entry_title\"><a itemprop=\"url\" href=\"https:\/\/belohorizonte.eleusal.com\/pt-br\/a-demanda-por-professores-ele-continua-a-crescer\/\">A demanda por professores ELE continua a crescer<\/a><\/h4>\n                            <p class=\"excerpt\">A demanda por professores de espanhol para estrangeiros continua crescendo dentro e fora da Espanha. Entre os pa\u00edses com maior demanda por p...<\/p>\n                            <span class=\"post_infos\">\n                                                                    <span class=\"date_hour_holder\">\n                                        <span itemprop=\"dateCreated\" class=\"date entry_date updated\">10 mar\u00e7o, 2021 <meta itemprop=\"interactionCount\" content=\"UserComments: 0\"\/><\/span>\n                                    <\/span>\n                                                                                                \n                                \n                                                            <\/span>\n                        <\/div>\n                    <\/div>\n                <\/div>\n            <\/div>\n        <\/li>\n    \n        <li class=\"clearfix\">\n            <div class=\"boxes_image\">\n                <a itemprop=\"url\" href=\"https:\/\/belohorizonte.eleusal.com\/pt-br\/comecamos-os-cursos-de-preparacao-para-dele\/\"><img loading=\"lazy\" decoding=\"async\" width=\"539\" height=\"303\" src=\"https:\/\/belohorizonte.eleusal.com\/wp-content\/uploads\/sites\/18\/2019\/11\/Gente-en-clase-539x303.jpg\" class=\"attachment-latest_post_boxes size-latest_post_boxes wp-post-image\" alt=\"\" \/><\/a>\n            <\/div>\n            <div class=\"latest_post\"  >\n                <div class=\"latest_post_text\">\n                    <div class=\"latest_post_inner\">\n                        <div class=\"latest_post_text_inner\">\n                            <h4 itemprop=\"name\" class=\"latest_post_title entry_title\"><a itemprop=\"url\" href=\"https:\/\/belohorizonte.eleusal.com\/pt-br\/comecamos-os-cursos-de-preparacao-para-dele\/\">Come\u00e7amos os cursos de prepara\u00e7\u00e3o para DELE<\/a><\/h4>\n                            <p class=\"excerpt\">&nbsp; &nbsp; &nbsp; Se voc\u00ea vai fazer o exame DELE, em qualquer um dos n\u00edveis, \u00e9 conveniente que se prepare com exames reais. \u00c9 o que fazem...<\/p>\n                            <span class=\"post_infos\">\n                                                                    <span class=\"date_hour_holder\">\n                                        <span itemprop=\"dateCreated\" class=\"date entry_date updated\">10 mar\u00e7o, 2021 <meta itemprop=\"interactionCount\" content=\"UserComments: 0\"\/><\/span>\n                                    <\/span>\n                                                                                                \n                                \n                                                            <\/span>\n                        <\/div>\n                    <\/div>\n                <\/div>\n            <\/div>\n        <\/li>\n    \n        <li class=\"clearfix\">\n            <div class=\"boxes_image\">\n                <a itemprop=\"url\" href=\"https:\/\/belohorizonte.eleusal.com\/pt-br\/matriculas-abertas-dele-e-ccse-2020\/\"><img loading=\"lazy\" decoding=\"async\" width=\"539\" height=\"303\" src=\"https:\/\/belohorizonte.eleusal.com\/wp-content\/uploads\/sites\/18\/2019\/10\/CCSE-con-logo-Cervantes-539x303.jpg\" class=\"attachment-latest_post_boxes size-latest_post_boxes wp-post-image\" alt=\"Ex\u00e1menes DELE y CCSE\" \/><\/a>\n            <\/div>\n            <div class=\"latest_post\"  >\n                <div class=\"latest_post_text\">\n                    <div class=\"latest_post_inner\">\n                        <div class=\"latest_post_text_inner\">\n                            <h4 itemprop=\"name\" class=\"latest_post_title entry_title\"><a itemprop=\"url\" href=\"https:\/\/belohorizonte.eleusal.com\/pt-br\/matriculas-abertas-dele-e-ccse-2020\/\">Matr\u00edculas abertas DELE e CCSE 2020<\/a><\/h4>\n                            <p class=\"excerpt\">O primeiro exame DELE A2, necess\u00e1rio para obter a nacionalidade espanhola, ser\u00e1 em fevereiro. Para o CCSE, tamb\u00e9m necess\u00e1rio pela nacionalid...<\/p>\n                            <span class=\"post_infos\">\n                                                                    <span class=\"date_hour_holder\">\n                                        <span itemprop=\"dateCreated\" class=\"date entry_date updated\">10 mar\u00e7o, 2021 <meta itemprop=\"interactionCount\" content=\"UserComments: 0\"\/><\/span>\n                                    <\/span>\n                                                                                                \n                                \n                                                            <\/span>\n                        <\/div>\n                    <\/div>\n                <\/div>\n            <\/div>\n        <\/li>\n        <\/ul>\n<\/div>[\/vc_column][\/vc_row][vc_row css_animation=&#8221;&#8221; row_type=&#8221;row&#8221; use_row_as_full_screen_section=&#8221;no&#8221; type=&#8221;full_width&#8221; angled_section=&#8221;no&#8221; text_align=&#8221;left&#8221; background_image_as_pattern=&#8221;without_pattern&#8221; z_index=&#8221;&#8221; css=&#8221;.vc_custom_1575990897977{background-image: url(http:\/\/belohorizonte-dev.elemultisite.eleusal.com\/wp-content\/uploads\/sites\/8\/2019\/12\/fondo-3.jpg?id=1754) !important;}&#8221;][vc_column width=&#8221;1\/4&#8243;][\/vc_column][vc_column width=&#8221;1\/2&#8243;]<a  itemprop=\"url\" href=\"https:\/\/belohorizonte.eleusal.com\/noticias\/\" target=\"_self\"  class=\"qbutton  large center enlarge\" style=\"font-size: 40px; \">Mais not\u00edcias da ELE USAL Belo Horizonte<i class=\"qode_icon_font_awesome fa fa-link qode_button_icon_element\" style=\"color: #99042f;\" ><\/i><\/a>[\/vc_column][vc_column width=&#8221;1\/4&#8243;][\/vc_column][\/vc_row][vc_row css_animation=&#8221;&#8221; row_type=&#8221;row&#8221; use_row_as_full_screen_section=&#8221;no&#8221; type=&#8221;full_width&#8221; angled_section=&#8221;no&#8221; text_align=&#8221;left&#8221; background_image_as_pattern=&#8221;without_pattern&#8221; css=&#8221;.vc_custom_1575991014700{background-image: url(http:\/\/belohorizonte-dev.elemultisite.eleusal.com\/wp-content\/uploads\/sites\/8\/2019\/12\/fondo-3.jpg?id=1754) !important;}&#8221; z_index=&#8221;&#8221;][vc_column][vc_empty_space][\/vc_column][\/vc_row]<\/p>\n","protected":false},"excerpt":{"rendered":"<p>[vc_row css_animation=&#8221;&#8221; row_type=&#8221;row&#8221; use_row_as_full_screen_section=&#8221;no&#8221; type=&#8221;full_width&#8221; angled_section=&#8221;no&#8221; text_align=&#8221;left&#8221; background_image_as_pattern=&#8221;without_pattern&#8221; z_index=&#8221;5&#8243; css=&#8221;.vc_custom_1559671034940{background-color: #d22020 !important;}&#8221;][vc_column css=&#8221;.vc_custom_1525095376667{margin-bottom: -3% !important;}&#8221;][vc_column_text] ELE USAL Belo Horizonte. University of Salamanca [\/vc_column_text][rev_slider_vc alias=&#8221;home-slider-br&#8221;][qode_elements_holder number_of_columns=&#8221;one_column&#8221;][qode_elements_holder_item advanced_animations=&#8221;no&#8221; item_padding=&#8221;46px 0 0 0&#8243; item_padding_1280_1440=&#8221;29px 0 0 0&#8243; item_padding_1024_1280=&#8221;29px 0 0 0&#8243; item_padding_768_1024=&#8221;20px 0 0 0&#8243; item_padding_600_768=&#8221;13px 0 0 0&#8243; item_padding_480_600=&#8221;0 0 0 0&#8243; item_padding_480=&#8221;0 0 0 0&#8243;][\/qode_elements_holder_item][\/qode_elements_holder][\/vc_column][\/vc_row][vc_row css_animation=&#8221;&#8221; row_type=&#8221;row&#8221; use_row_as_full_screen_section=&#8221;no&#8221; type=&#8221;grid&#8221; angled_section=&#8221;no&#8221; text_align=&#8221;center&#8221; background_image_as_pattern=&#8221;without_pattern&#8221; padding_bottom=&#8221;39&#8243; css=&#8221;.vc_custom_1526025235376{background-color: #ffffff !important;background-position: center !important;background-repeat: no-repeat !important;background-size: cover !important;}&#8221; z_index=&#8221;4&#8243;][vc_column][vc_empty_space height=&#8221;62px&#8221;][vc_column_text] Cursos mais solicitados [\/vc_column_text][vc_empty_space height=&#8221;62px&#8221;][vc_column_text][\/vc_column_text][vc_empty_space height=&#8221;62px&#8221;][\/vc_column][vc_column][\/vc_column][\/vc_row][vc_row css_animation=&#8221;&#8221; row_type=&#8221;row&#8221; use_row_as_full_screen_section=&#8221;no&#8221; type=&#8221;full_width&#8221; angled_section=&#8221;no&#8221; text_align=&#8221;left&#8221; background_image_as_pattern=&#8221;without_pattern&#8221; padding_bottom=&#8221;120&#8243; z_index=&#8221;6&#8243; css=&#8221;.vc_custom_1562667364656{background-color: #ffffff !important;}&#8221;][vc_column width=&#8221;1\/6&#8243;][\/vc_column][vc_column width=&#8221;2\/3&#8243; el_class=&#8221;boton-centrado&#8221;][\/vc_column][vc_column width=&#8221;1\/6&#8243;][\/vc_column][\/vc_row][vc_row css_animation=&#8221;&#8221; row_type=&#8221;row&#8221; use_row_as_full_screen_section=&#8221;no&#8221; type=&#8221;grid&#8221; angled_section=&#8221;no&#8221; text_align=&#8221;center&#8221; background_image_as_pattern=&#8221;without_pattern&#8221; padding_bottom=&#8221;30&#8243; z_index=&#8221;&#8221; css=&#8221;.vc_custom_1559300747593{padding-bottom: 100px !important;background-color: #ffffff !important;}&#8221;][vc_column width=&#8221;1\/4&#8243;][\/vc_column][vc_column width=&#8221;1\/4&#8243;][\/vc_column][vc_column width=&#8221;1\/4&#8243;][\/vc_column][vc_column width=&#8221;1\/4&#8243;][\/vc_column][\/vc_row][vc_row css_animation=&#8221;&#8221; row_type=&#8221;row&#8221; use_row_as_full_screen_section=&#8221;no&#8221; type=&#8221;grid&#8221; angled_section=&#8221;no&#8221; text_align=&#8221;left&#8221; background_image_as_pattern=&#8221;without_pattern&#8221; padding_bottom=&#8221;120&#8243; z_index=&#8221;6&#8243; css=&#8221;.vc_custom_1575990662750{background-image: url(http:\/\/belohorizonte-dev.elemultisite.eleusal.com\/wp-content\/uploads\/sites\/8\/2019\/12\/fondo-3.jpg?id=1754) !important;}&#8221;][vc_column][vc_empty_space][vc_row_inner row_type=&#8221;row&#8221; type=&#8221;full_width&#8221; text_align=&#8221;left&#8221; css_animation=&#8221;&#8221;][vc_column_inner][vc_column_text css=&#8221;.vc_custom_1575910662063{margin-bottom: 50px !important;}&#8221;] Siga-nos! [\/vc_column_text][vc_empty_space][\/vc_column_inner][\/vc_row_inner][vc_row_inner row_type=&#8221;row&#8221; type=&#8221;grid&#8221; text_align=&#8221;left&#8221; css_animation=&#8221;&#8221;][vc_column_inner width=&#8221;1\/3&#8243;][\/vc_column_inner][vc_column_inner width=&#8221;1\/3&#8243;][vc_raw_html]JTNDaWZyYW1lJTIwc3JjJTNEJTIyaHR0cHMlM0ElMkYlMkZ3d3cuZmFjZWJvb2suY29tJTJGcGx1Z2lucyUyRnBhZ2UucGhwJTNGaHJlZiUzRGh0dHBzJTI1M0ElMjUyRiUyNTJGd3d3LmZhY2Vib29rLmNvbSUyNTJGRUxFVVNBTEJlbG9Ib3Jpem9udGUlMjUyRiUyNnRhYnMlM0R0aW1lbGluZSUyNndpZHRoJTNENDAwJTI2aGVpZ2h0JTNENTAwJTI2c21hbGxfaGVhZGVyJTNEZmFsc2UlMjZhZGFwdF9jb250YWluZXJfd2lkdGglM0R0cnVlJTI2aGlkZV9jb3ZlciUzRGZhbHNlJTI2c2hvd19mYWNlcGlsZSUzRHRydWUlMjZhcHBJZCUyMiUyMHdpZHRoJTNEJTIyNDAwJTIyJTIwaGVpZ2h0JTNEJTIyNTAwJTIyJTIwc3R5bGUlM0QlMjJib3JkZXIlM0Fub25lJTNCb3ZlcmZsb3clM0FoaWRkZW4lMjIlMjBzY3JvbGxpbmclM0QlMjJubyUyMiUyMGZyYW1lYm9yZGVyJTNEJTIyMCUyMiUyMGFsbG93VHJhbnNwYXJlbmN5JTNEJTIydHJ1ZSUyMiUyMGFsbG93JTNEJTIyZW5jcnlwdGVkLW1lZGlhJTIyJTNFJTNDJTJGaWZyYW1lJTNF[\/vc_raw_html][\/vc_column_inner][vc_column_inner width=&#8221;1\/3&#8243;][\/vc_column_inner][\/vc_row_inner][\/vc_column][\/vc_row][vc_row css_animation=&#8221;&#8221; row_type=&#8221;row&#8221; use_row_as_full_screen_section=&#8221;no&#8221; type=&#8221;grid&#8221; angled_section=&#8221;no&#8221; text_align=&#8221;left&#8221; background_image_as_pattern=&#8221;without_pattern&#8221; css=&#8221;.vc_custom_1576065440281{margin-top: 100px !important;}&#8221; z_index=&#8221;&#8221;][vc_column][vc_column_text] Depoimentos sobre n\u00f3s &#8230; [\/vc_column_text][vc_empty_space][vc_row_inner row_type=&#8221;row&#8221; type=&#8221;full_width&#8221; text_align=&#8221;left&#8221; css_animation=&#8221;&#8221; css=&#8221;.vc_custom_1576066255987{margin-top: 40px !important;margin-bottom: 40px !important;}&#8221;][vc_column_inner width=&#8221;1\/3&#8243;][\/vc_column_inner][vc_column_inner width=&#8221;1\/3&#8243;][\/vc_column_inner][vc_column_inner width=&#8221;1\/3&#8243;][\/vc_column_inner][vc_column_inner][\/vc_column_inner][\/vc_row_inner][\/vc_column][\/vc_row][vc_row css_animation=&#8221;&#8221; row_type=&#8221;row&#8221; use_row_as_full_screen_section=&#8221;no&#8221; type=&#8221;grid&#8221; angled_section=&#8221;no&#8221; text_align=&#8221;center&#8221; background_image_as_pattern=&#8221;without_pattern&#8221; padding_top=&#8221;140&#8243; padding_bottom=&#8221;179&#8243; z_index=&#8221;&#8221; css=&#8221;.vc_custom_1575990879061{background-image: url(http:\/\/belohorizonte-dev.elemultisite.eleusal.com\/wp-content\/uploads\/sites\/8\/2019\/12\/fondo-3.jpg?id=1754) !important;background-position: center !important;background-repeat: no-repeat !important;background-size: cover !important;}&#8221;][vc_column][vc_column_text] \u00daltimas not\u00edcias [\/vc_column_text][vc_empty_space][qode_elements_holder number_of_columns=&#8221;one_column&#8221;][qode_elements_holder_item advanced_animations=&#8221;no&#8221; item_padding=&#8221;18px 18% 0 18%&#8221;][vc_column_text] Acompanhe as novidades da ELE USAL Belo Horizonte [\/vc_column_text][\/qode_elements_holder_item][\/qode_elements_holder][vc_empty_space height=&#8221;59px&#8221;][\/vc_column][\/vc_row][vc_row css_animation=&#8221;&#8221; row_type=&#8221;row&#8221; use_row_as_full_screen_section=&#8221;no&#8221; type=&#8221;full_width&#8221; angled_section=&#8221;no&#8221; text_align=&#8221;left&#8221; background_image_as_pattern=&#8221;without_pattern&#8221; z_index=&#8221;&#8221; css=&#8221;.vc_custom_1575990897977{background-image: url(http:\/\/belohorizonte-dev.elemultisite.eleusal.com\/wp-content\/uploads\/sites\/8\/2019\/12\/fondo-3.jpg?id=1754) !important;}&#8221;][vc_column width=&#8221;1\/4&#8243;][\/vc_column][vc_column width=&#8221;1\/2&#8243;][\/vc_column][vc_column width=&#8221;1\/4&#8243;][\/vc_column][\/vc_row][vc_row css_animation=&#8221;&#8221; row_type=&#8221;row&#8221; use_row_as_full_screen_section=&#8221;no&#8221; type=&#8221;full_width&#8221; angled_section=&#8221;no&#8221; text_align=&#8221;left&#8221; background_image_as_pattern=&#8221;without_pattern&#8221; css=&#8221;.vc_custom_1575991014700{background-image: url(http:\/\/belohorizonte-dev.elemultisite.eleusal.com\/wp-content\/uploads\/sites\/8\/2019\/12\/fondo-3.jpg?id=1754) !important;}&#8221; z_index=&#8221;&#8221;][vc_column][vc_empty_space][\/vc_column][\/vc_row]<\/p>\n","protected":false},"author":17,"featured_media":0,"parent":0,"menu_order":0,"comment_status":"closed","ping_status":"closed","template":"full_width.php","meta":{"footnotes":""},"class_list":["post-2273","page","type-page","status-publish","hentry"],"yoast_head":"<!-- This site is optimized with the Yoast SEO plugin v24.2 - https:\/\/yoast.com\/wordpress\/plugins\/seo\/ -->\n<title>Inicio - ELE USAL Belo Horizonte<\/title>\n<meta name=\"description\" content=\"ELE USAL BELO HORIZONTE \u00e9 a escola de espanhol da Universidade de Salamanca em Belo Horizonte. Escolha o curso que melhor atende \u00e0s suas necessidades\" \/>\n<meta name=\"robots\" content=\"index, follow, max-snippet:-1, max-image-preview:large, max-video-preview:-1\" \/>\n<link rel=\"canonical\" href=\"https:\/\/belohorizonte.eleusal.com\/pt-br\/\" \/>\n<meta property=\"og:locale\" content=\"pt_BR\" \/>\n<meta property=\"og:type\" content=\"article\" \/>\n<meta property=\"og:title\" content=\"Inicio - ELE USAL Belo Horizonte\" \/>\n<meta property=\"og:description\" content=\"ELE USAL BELO HORIZONTE \u00e9 a escola de espanhol da Universidade de Salamanca em Belo Horizonte. Escolha o curso que melhor atende \u00e0s suas necessidades\" \/>\n<meta property=\"og:url\" content=\"https:\/\/belohorizonte.eleusal.com\/pt-br\/\" \/>\n<meta property=\"og:site_name\" content=\"ELE USAL Belo Horizonte\" \/>\n<meta property=\"article:modified_time\" content=\"2021-04-28T12:27:00+00:00\" \/>\n<meta name=\"twitter:card\" content=\"summary_large_image\" \/>\n<meta name=\"twitter:label1\" content=\"Est. tempo de leitura\" \/>\n\t<meta name=\"twitter:data1\" content=\"7 minutos\" \/>\n<script type=\"application\/ld+json\" class=\"yoast-schema-graph\">{\"@context\":\"https:\/\/schema.org\",\"@graph\":[{\"@type\":\"WebPage\",\"@id\":\"https:\/\/belohorizonte.eleusal.com\/pt-br\/\",\"url\":\"https:\/\/belohorizonte.eleusal.com\/pt-br\/\",\"name\":\"Inicio - ELE USAL Belo Horizonte\",\"isPartOf\":{\"@id\":\"https:\/\/belohorizonte.eleusal.com\/#website\"},\"datePublished\":\"2021-03-28T11:11:55+00:00\",\"dateModified\":\"2021-04-28T12:27:00+00:00\",\"description\":\"ELE USAL BELO HORIZONTE \u00e9 a escola de espanhol da Universidade de Salamanca em Belo Horizonte. Escolha o curso que melhor atende \u00e0s suas necessidades\",\"breadcrumb\":{\"@id\":\"https:\/\/belohorizonte.eleusal.com\/pt-br\/#breadcrumb\"},\"inLanguage\":\"pt-BR\",\"potentialAction\":[{\"@type\":\"ReadAction\",\"target\":[\"https:\/\/belohorizonte.eleusal.com\/pt-br\/\"]}]},{\"@type\":\"BreadcrumbList\",\"@id\":\"https:\/\/belohorizonte.eleusal.com\/pt-br\/#breadcrumb\",\"itemListElement\":[{\"@type\":\"ListItem\",\"position\":1,\"name\":\"Home\",\"item\":\"https:\/\/belohorizonte.eleusal.com\/pt-br\/\"},{\"@type\":\"ListItem\",\"position\":2,\"name\":\"Inicio\"}]},{\"@type\":\"WebSite\",\"@id\":\"https:\/\/belohorizonte.eleusal.com\/#website\",\"url\":\"https:\/\/belohorizonte.eleusal.com\/\",\"name\":\"ELE USAL Belo Horizonte\",\"description\":\"ELE USAL\",\"potentialAction\":[{\"@type\":\"SearchAction\",\"target\":{\"@type\":\"EntryPoint\",\"urlTemplate\":\"https:\/\/belohorizonte.eleusal.com\/?s={search_term_string}\"},\"query-input\":{\"@type\":\"PropertyValueSpecification\",\"valueRequired\":true,\"valueName\":\"search_term_string\"}}],\"inLanguage\":\"pt-BR\"}]}<\/script>\n<!-- \/ Yoast SEO plugin. -->","yoast_head_json":{"title":"Inicio - ELE USAL Belo Horizonte","description":"ELE USAL BELO HORIZONTE \u00e9 a escola de espanhol da Universidade de Salamanca em Belo Horizonte. Escolha o curso que melhor atende \u00e0s suas necessidades","robots":{"index":"index","follow":"follow","max-snippet":"max-snippet:-1","max-image-preview":"max-image-preview:large","max-video-preview":"max-video-preview:-1"},"canonical":"https:\/\/belohorizonte.eleusal.com\/pt-br\/","og_locale":"pt_BR","og_type":"article","og_title":"Inicio - ELE USAL Belo Horizonte","og_description":"ELE USAL BELO HORIZONTE \u00e9 a escola de espanhol da Universidade de Salamanca em Belo Horizonte. Escolha o curso que melhor atende \u00e0s suas necessidades","og_url":"https:\/\/belohorizonte.eleusal.com\/pt-br\/","og_site_name":"ELE USAL Belo Horizonte","article_modified_time":"2021-04-28T12:27:00+00:00","twitter_card":"summary_large_image","twitter_misc":{"Est. tempo de leitura":"7 minutos"},"schema":{"@context":"https:\/\/schema.org","@graph":[{"@type":"WebPage","@id":"https:\/\/belohorizonte.eleusal.com\/pt-br\/","url":"https:\/\/belohorizonte.eleusal.com\/pt-br\/","name":"Inicio - ELE USAL Belo Horizonte","isPartOf":{"@id":"https:\/\/belohorizonte.eleusal.com\/#website"},"datePublished":"2021-03-28T11:11:55+00:00","dateModified":"2021-04-28T12:27:00+00:00","description":"ELE USAL BELO HORIZONTE \u00e9 a escola de espanhol da Universidade de Salamanca em Belo Horizonte. Escolha o curso que melhor atende \u00e0s suas necessidades","breadcrumb":{"@id":"https:\/\/belohorizonte.eleusal.com\/pt-br\/#breadcrumb"},"inLanguage":"pt-BR","potentialAction":[{"@type":"ReadAction","target":["https:\/\/belohorizonte.eleusal.com\/pt-br\/"]}]},{"@type":"BreadcrumbList","@id":"https:\/\/belohorizonte.eleusal.com\/pt-br\/#breadcrumb","itemListElement":[{"@type":"ListItem","position":1,"name":"Home","item":"https:\/\/belohorizonte.eleusal.com\/pt-br\/"},{"@type":"ListItem","position":2,"name":"Inicio"}]},{"@type":"WebSite","@id":"https:\/\/belohorizonte.eleusal.com\/#website","url":"https:\/\/belohorizonte.eleusal.com\/","name":"ELE USAL Belo Horizonte","description":"ELE USAL","potentialAction":[{"@type":"SearchAction","target":{"@type":"EntryPoint","urlTemplate":"https:\/\/belohorizonte.eleusal.com\/?s={search_term_string}"},"query-input":{"@type":"PropertyValueSpecification","valueRequired":true,"valueName":"search_term_string"}}],"inLanguage":"pt-BR"}]}},"_links":{"self":[{"href":"https:\/\/belohorizonte.eleusal.com\/pt-br\/wp-json\/wp\/v2\/pages\/2273","targetHints":{"allow":["GET"]}}],"collection":[{"href":"https:\/\/belohorizonte.eleusal.com\/pt-br\/wp-json\/wp\/v2\/pages"}],"about":[{"href":"https:\/\/belohorizonte.eleusal.com\/pt-br\/wp-json\/wp\/v2\/types\/page"}],"author":[{"embeddable":true,"href":"https:\/\/belohorizonte.eleusal.com\/pt-br\/wp-json\/wp\/v2\/users\/17"}],"replies":[{"embeddable":true,"href":"https:\/\/belohorizonte.eleusal.com\/pt-br\/wp-json\/wp\/v2\/comments?post=2273"}],"version-history":[{"count":4,"href":"https:\/\/belohorizonte.eleusal.com\/pt-br\/wp-json\/wp\/v2\/pages\/2273\/revisions"}],"predecessor-version":[{"id":2431,"href":"https:\/\/belohorizonte.eleusal.com\/pt-br\/wp-json\/wp\/v2\/pages\/2273\/revisions\/2431"}],"wp:attachment":[{"href":"https:\/\/belohorizonte.eleusal.com\/pt-br\/wp-json\/wp\/v2\/media?parent=2273"}],"curies":[{"name":"wp","href":"https:\/\/api.w.org\/{rel}","templated":true}]}}