{"id":2193,"date":"2021-03-10T15:58:04","date_gmt":"2021-03-10T14:58:04","guid":{"rendered":"https:\/\/belohorizonte.eleusal.com\/?page_id=2193"},"modified":"2021-03-10T15:59:17","modified_gmt":"2021-03-10T14:59:17","slug":"noticias","status":"publish","type":"page","link":"https:\/\/belohorizonte.eleusal.com\/pt-br\/noticias\/","title":{"rendered":"Not\u00edcias"},"content":{"rendered":"<p>[vc_row css_animation=&#8221;&#8221; row_type=&#8221;row&#8221; use_row_as_full_screen_section=&#8221;no&#8221; type=&#8221;full_width&#8221; angled_section=&#8221;no&#8221; text_align=&#8221;left&#8221; background_image_as_pattern=&#8221;without_pattern&#8221; padding_bottom=&#8221;90&#8243; z_index=&#8221;&#8221;][vc_column][vc_separator type=&#8221;normal&#8221;][vc_empty_space][vc_column_text]<\/p>\n<h3 style=\"text-align: center\">Not\u00edcias ELE USAL Belo Horizonte<\/h3>\n<p>[\/vc_column_text][vc_empty_space]<div class=\"qode-blog-carousel-titled\" data-posts-shown=\"3\">\n\t<div class=\"qode-bct-title-holder\" style=\"background-color:#99042f\">\n\t\t<a class=\"qode-bct-caroufredsel-prev\" href=\"#\">\n\t\t\t<span class=\"qode-bct-caroufredsel-nav-inner\">\n\t\t\t\t<span class=\"qode-bct-caroufredsel-nav-icon-holder\">\n\t\t\t\t\t<span class=\"arrow_carrot-left\"><\/span>\n\t\t\t\t<\/span>\n\t\t\t<\/span>\n\t\t<\/a>\n\t\t\t\t\t\t\t\t<h3>\n\t\t\t\t\t\tNoticias\t\t\t\t\t<\/h3>\n\t\t\t\t<a class=\"qode-bct-caroufredsel-next\" href=\"#\">\n\t\t<span class=\"qode-bct-caroufredsel-nav-inner\">\n\t\t\t<span class=\"qode-bct-caroufredsel-nav-icon-holder\">\n\t\t\t\t<span class=\"arrow_carrot-right\"><\/span>\n\t\t\t<\/span>\n\t\t<\/span>\n\t<\/a>\n\t<\/div>\n\t\t\t<div class=\"qode-bct-posts-holder\">\n\t\t<div class=\"qode-bct-posts\">\n\t\t\t\t\t\t\t\t\t\t\t\t<div class=\"qode-bct-post\">\n\t\t\t\t\t\t\t\t\t\t\t\t\t<div class=\"qode-bct-post-image\">\n\t\t\t\t\t\t\t\t<a href=\"https:\/\/belohorizonte.eleusal.com\/pt-br\/a-demanda-por-professores-ele-continua-a-crescer\/\" itemprop=\"url\">\n\t\t\t\t\t\t\t\t\t<img loading=\"lazy\" decoding=\"async\" width=\"640\" height=\"427\" src=\"https:\/\/belohorizonte.eleusal.com\/wp-content\/uploads\/sites\/18\/2019\/12\/Profesor-3.jpg\" class=\"attachment-portfolio-landscape size-portfolio-landscape wp-post-image\" alt=\"\" srcset=\"https:\/\/belohorizonte.eleusal.com\/wp-content\/uploads\/sites\/18\/2019\/12\/Profesor-3.jpg 640w, https:\/\/belohorizonte.eleusal.com\/wp-content\/uploads\/sites\/18\/2019\/12\/Profesor-3-300x200.jpg 300w, https:\/\/belohorizonte.eleusal.com\/wp-content\/uploads\/sites\/18\/2019\/12\/Profesor-3-600x400.jpg 600w\" sizes=\"auto, (max-width: 640px) 100vw, 640px\" \/>\t\t\t\t\t\t\t\t<\/a>\n\t\t\t\t\t\t\t<\/div>\n\t\t\t\t\t\t\t\t\t\t\t\t<div class=\"qode-bct-post-text\">\n\t\t\t\t\t\t\t<h4 class=\"qode-bct-post-title entry_title\" itemprop=\"name\">\n\t\t\t\t\t\t\t\t<a href=\"https:\/\/belohorizonte.eleusal.com\/pt-br\/a-demanda-por-professores-ele-continua-a-crescer\/\" itemprop=\"url\">A demanda por professores ELE continua a crescer<\/a>\n\t\t\t\t\t\t\t<\/h4>\n\t\t\t\t\t\t\t\t\t\t\t\t\t\t<p itemprop=\"description\" class = \"qode-bct-post-excerpt\"> A demanda por professores de espanhol para estrangeiros continua crescendo dentro e fora da Espanha. Entre os pa\u00edses com maior demanda por professores est\u00e1 o Reino Unido. Segundo um estudo recente, denominado L\u00ednguas para o futuro, que inclu\u00eda uma lista das l\u00ednguas que os brit\u00e2nicos deveriam estudar, levando em considera\u00e7\u00e3o diversos crit\u00e9rios, n\u00e3o apenas econ\u00f4micos. O espanhol apareceu em primeiro lugar, \u00e0 frente do \u00e1rabe, do franc\u00eas, do mandarim, do alem\u00e3o, do portugu\u00eas, do italiano &#8230; A partir desses dados, o espanhol vive um boom nas ilhas. Trevor Dadson, professor da Universidade de Londres e editor da Hispanic Research Review, garante que o Reino Unido tem uma demanda de 4.000 professores de espanhol n\u00e3o preenchidos. \u201cNos pr\u00f3ximos meses, o espanhol ultrapassar\u00e1 o franc\u00eas como a l\u00edngua mais estudada nas escolas do Reino Unido\u201d, explica Dadson. \u201cQuando eu estava estudando, isso era inimagin\u00e1vel: todo mundo estudava franc\u00eas ou, em todo caso, alem\u00e3o. Mas \u00e9 atraente para os ingleses estudar espanhol. Eles acham a cultura espanhola poderosa e atraente\u201d (relata El Mundo). ELE USAL Belo Horizonte ministra curso para professores de espanhol para estrangeiros, certificado pela Universidade de Salamanca. Para mais informa\u00e7\u00f5es entre em contato com a escola. Por outro lado, It\u00e1lia, China e Brasil s\u00e3o os pa\u00edses que mais alunos examinam o diploma DELE, e o SIELE, que \u00e9 o reconhecimento oficial da profici\u00eancia em espanhol. ELE USAL Belo Horizonte \u00e9 um centro de exames SIELE e DELE em Belo Horizonte.<\/p>\n\t\t\t\t\t\t\t<div class=\"qode-bct-post-date entry_date updated\" itemprop=\"dateCreated\">\n\t\t\t\t\t\t\t\t10 mar\u00e7o, 2021\t\t\t\t\t\t\t\t<meta itemprop=\"interactionCount\" content=\"UserComments: 0\"\/>\n\t\t\t\t\t\t\t<\/div>\n\t\t\t\t\t\t<\/div>\n\t\t\t\t\t<\/div>\n\t\t\t\t\t\t\t\t\t\t\t\t<div class=\"qode-bct-post\">\n\t\t\t\t\t\t\t\t\t\t\t\t\t<div class=\"qode-bct-post-image\">\n\t\t\t\t\t\t\t\t<a href=\"https:\/\/belohorizonte.eleusal.com\/pt-br\/comecamos-os-cursos-de-preparacao-para-dele\/\" itemprop=\"url\">\n\t\t\t\t\t\t\t\t\t<img loading=\"lazy\" decoding=\"async\" width=\"800\" height=\"600\" src=\"https:\/\/belohorizonte.eleusal.com\/wp-content\/uploads\/sites\/18\/2019\/11\/Gente-en-clase-800x600.jpg\" class=\"attachment-portfolio-landscape size-portfolio-landscape wp-post-image\" alt=\"\" \/>\t\t\t\t\t\t\t\t<\/a>\n\t\t\t\t\t\t\t<\/div>\n\t\t\t\t\t\t\t\t\t\t\t\t<div class=\"qode-bct-post-text\">\n\t\t\t\t\t\t\t<h4 class=\"qode-bct-post-title entry_title\" itemprop=\"name\">\n\t\t\t\t\t\t\t\t<a href=\"https:\/\/belohorizonte.eleusal.com\/pt-br\/comecamos-os-cursos-de-preparacao-para-dele\/\" itemprop=\"url\">Come\u00e7amos os cursos de prepara\u00e7\u00e3o para DELE<\/a>\n\t\t\t\t\t\t\t<\/h4>\n\t\t\t\t\t\t\t\t\t\t\t\t\t\t<p itemprop=\"description\" class = \"qode-bct-post-excerpt\"> &nbsp; &nbsp; &nbsp; Se voc\u00ea vai fazer o exame DELE, em qualquer um dos n\u00edveis, \u00e9 conveniente que se prepare com exames reais. \u00c9 o que fazemos nos cursos DELE da ELE USAL Alicante. Como voc\u00ea sabe, os exames DELE consistem em quatro partes: 1.Compreens\u00e3o de leitura. Voc\u00ea ter\u00e1 um texto que dever\u00e1 ler e responder a perguntas de m\u00faltipla escolha que ser\u00e3o feitas sobre o que leu. 2.Compress\u00e3o auditiva. Voc\u00ea ouvir\u00e1 um \u00e1udio e responder\u00e1 \u00e0s perguntas que ser\u00e3o feitas sobre o que ouviu. 3.Compreens\u00e3o escrita. Eles v\u00e3o pedir que voc\u00ea escreva um texto, n\u00e3o muito longo, sobre um tema que eles prop\u00f5em a voc\u00ea. Por exemplo, escreva uma carta para seus pais contando-lhes seus planos para o ver\u00e3o. 4.Compreens\u00e3o oral. Voc\u00ea ter\u00e1 que ter uma conversa, por volta de 15 minutos, com dois professores que avaliar\u00e3o sua flu\u00eancia e compreens\u00e3o A inscri\u00e7\u00e3o para estes exames \u00e9 feita diretamente no site do Instituto Cervantes, https:\/\/examenes.cervantes.es\/es\/usuario\/registro Os alunos com dificuldade de inscri\u00e7\u00e3o podem vir \u00e0 nossa escola (Avda. M\u00e9ndez N\u00fa\u00f1ez, 37), mediante marca\u00e7\u00e3o pr\u00e9via em 961 810 036 ou em info@alicante-eleusal.com L\u00e1, eles poder\u00e3o se inscrever para qualquer um dos dois exames sem nenhum custo adicional.<\/p>\n\t\t\t\t\t\t\t<div class=\"qode-bct-post-date entry_date updated\" itemprop=\"dateCreated\">\n\t\t\t\t\t\t\t\t10 mar\u00e7o, 2021\t\t\t\t\t\t\t\t<meta itemprop=\"interactionCount\" content=\"UserComments: 0\"\/>\n\t\t\t\t\t\t\t<\/div>\n\t\t\t\t\t\t<\/div>\n\t\t\t\t\t<\/div>\n\t\t\t\t\t\t\t\t\t\t\t\t<div class=\"qode-bct-post\">\n\t\t\t\t\t\t\t\t\t\t\t\t\t<div class=\"qode-bct-post-image\">\n\t\t\t\t\t\t\t\t<a href=\"https:\/\/belohorizonte.eleusal.com\/pt-br\/matriculas-abertas-dele-e-ccse-2020\/\" itemprop=\"url\">\n\t\t\t\t\t\t\t\t\t<img loading=\"lazy\" decoding=\"async\" width=\"640\" height=\"427\" src=\"https:\/\/belohorizonte.eleusal.com\/wp-content\/uploads\/sites\/18\/2019\/10\/CCSE-con-logo-Cervantes.jpg\" class=\"attachment-portfolio-landscape size-portfolio-landscape wp-post-image\" alt=\"Ex\u00e1menes DELE y CCSE\" srcset=\"https:\/\/belohorizonte.eleusal.com\/wp-content\/uploads\/sites\/18\/2019\/10\/CCSE-con-logo-Cervantes.jpg 640w, https:\/\/belohorizonte.eleusal.com\/wp-content\/uploads\/sites\/18\/2019\/10\/CCSE-con-logo-Cervantes-300x200.jpg 300w, https:\/\/belohorizonte.eleusal.com\/wp-content\/uploads\/sites\/18\/2019\/10\/CCSE-con-logo-Cervantes-600x400.jpg 600w\" sizes=\"auto, (max-width: 640px) 100vw, 640px\" \/>\t\t\t\t\t\t\t\t<\/a>\n\t\t\t\t\t\t\t<\/div>\n\t\t\t\t\t\t\t\t\t\t\t\t<div class=\"qode-bct-post-text\">\n\t\t\t\t\t\t\t<h4 class=\"qode-bct-post-title entry_title\" itemprop=\"name\">\n\t\t\t\t\t\t\t\t<a href=\"https:\/\/belohorizonte.eleusal.com\/pt-br\/matriculas-abertas-dele-e-ccse-2020\/\" itemprop=\"url\">Matr\u00edculas abertas DELE e CCSE 2020<\/a>\n\t\t\t\t\t\t\t<\/h4>\n\t\t\t\t\t\t\t\t\t\t\t\t\t\t<p itemprop=\"description\" class = \"qode-bct-post-excerpt\"> O primeiro exame DELE A2, necess\u00e1rio para obter a nacionalidade espanhola, ser\u00e1 em fevereiro. Para o CCSE, tamb\u00e9m necess\u00e1rio pela nacionalidade, ser\u00e1 a \u00faltima quinta-feira de janeiro. Ao longo de 2019, setecentos e quatorze alunos escolheram a ELE USAL Alicante para fazer esses exames: quinhentos e vinte e sete fizeram o CCSE (teste de nacionalidade) e cento e oitenta e sete do DELE (teste de espanhol). A inscri\u00e7\u00e3o para estes exames \u00e9 feita diretamente no site do Instituto Cervantes, https:\/\/examenes.cervantes.es\/es\/usuario\/registro Os alunos com dificuldade de inscri\u00e7\u00e3o podem vir \u00e0 nossa escola (Avda. M\u00e9ndez N\u00fa\u00f1ez, 37), mediante marca\u00e7\u00e3o pr\u00e9via em 961 810 036 ou em info@alicante-eleusal.com L\u00e1, eles poder\u00e3o se inscrever para qualquer um dos dois exames sem nenhum custo adicional.<\/p>\n\t\t\t\t\t\t\t<div class=\"qode-bct-post-date entry_date updated\" itemprop=\"dateCreated\">\n\t\t\t\t\t\t\t\t10 mar\u00e7o, 2021\t\t\t\t\t\t\t\t<meta itemprop=\"interactionCount\" content=\"UserComments: 0\"\/>\n\t\t\t\t\t\t\t<\/div>\n\t\t\t\t\t\t<\/div>\n\t\t\t\t\t<\/div>\n\t\t\t\t\t\t\t\t\t\t\t\t<div class=\"qode-bct-post\">\n\t\t\t\t\t\t\t\t\t\t\t\t\t<div class=\"qode-bct-post-image\">\n\t\t\t\t\t\t\t\t<a href=\"https:\/\/belohorizonte.eleusal.com\/pt-br\/inscricoes-abertas-para-curso-de-professores-de-espanhol\/\" itemprop=\"url\">\n\t\t\t\t\t\t\t\t\t<img loading=\"lazy\" decoding=\"async\" width=\"800\" height=\"600\" src=\"https:\/\/belohorizonte.eleusal.com\/wp-content\/uploads\/sites\/18\/2019\/10\/Profesora-800x600.jpg\" class=\"attachment-portfolio-landscape size-portfolio-landscape wp-post-image\" alt=\"\" \/>\t\t\t\t\t\t\t\t<\/a>\n\t\t\t\t\t\t\t<\/div>\n\t\t\t\t\t\t\t\t\t\t\t\t<div class=\"qode-bct-post-text\">\n\t\t\t\t\t\t\t<h4 class=\"qode-bct-post-title entry_title\" itemprop=\"name\">\n\t\t\t\t\t\t\t\t<a href=\"https:\/\/belohorizonte.eleusal.com\/pt-br\/inscricoes-abertas-para-curso-de-professores-de-espanhol\/\" itemprop=\"url\">Inscri\u00e7\u00f5es abertas para curso de professores de espanhol<\/a>\n\t\t\t\t\t\t\t<\/h4>\n\t\t\t\t\t\t\t\t\t\t\t\t\t\t<p itemprop=\"description\" class = \"qode-bct-post-excerpt\"> \u00a0 \u00a0Mais de vinte milh\u00f5es de pessoas em todo o mundo estudam espanhol como l\u00edngua estrangeira e esse n\u00famero est\u00e1 crescendo a cada ano. A demanda por professores de espanhol, dentro e fora da Espanha, tamb\u00e9m est\u00e1 crescendo. Nosso curso de professor de espanhol para estrangeiros foi pensado para que qualquer falante de espanhol possa ensinar sua l\u00edngua materna a milh\u00f5es de pessoas que a desejam falar. Uma oportunidade de entrar em uma profiss\u00e3o em que quase n\u00e3o h\u00e1 desemprego.<\/p>\n\t\t\t\t\t\t\t<div class=\"qode-bct-post-date entry_date updated\" itemprop=\"dateCreated\">\n\t\t\t\t\t\t\t\t10 mar\u00e7o, 2021\t\t\t\t\t\t\t\t<meta itemprop=\"interactionCount\" content=\"UserComments: 0\"\/>\n\t\t\t\t\t\t\t<\/div>\n\t\t\t\t\t\t<\/div>\n\t\t\t\t\t<\/div>\n\t\t\t\t\t\t\t\t\t\t\t\t<div class=\"qode-bct-post\">\n\t\t\t\t\t\t\t\t\t\t\t\t\t<div class=\"qode-bct-post-image\">\n\t\t\t\t\t\t\t\t<a href=\"https:\/\/belohorizonte.eleusal.com\/pt-br\/divulgando-a-lingua-e-a-cultura-espanhola\/\" itemprop=\"url\">\n\t\t\t\t\t\t\t\t\t<img loading=\"lazy\" decoding=\"async\" width=\"700\" height=\"467\" src=\"https:\/\/belohorizonte.eleusal.com\/wp-content\/uploads\/sites\/18\/2019\/11\/test2.jpg\" class=\"attachment-portfolio-landscape size-portfolio-landscape wp-post-image\" alt=\"\" srcset=\"https:\/\/belohorizonte.eleusal.com\/wp-content\/uploads\/sites\/18\/2019\/11\/test2.jpg 700w, https:\/\/belohorizonte.eleusal.com\/wp-content\/uploads\/sites\/18\/2019\/11\/test2-300x200.jpg 300w, https:\/\/belohorizonte.eleusal.com\/wp-content\/uploads\/sites\/18\/2019\/11\/test2-600x400.jpg 600w\" sizes=\"auto, (max-width: 700px) 100vw, 700px\" \/>\t\t\t\t\t\t\t\t<\/a>\n\t\t\t\t\t\t\t<\/div>\n\t\t\t\t\t\t\t\t\t\t\t\t<div class=\"qode-bct-post-text\">\n\t\t\t\t\t\t\t<h4 class=\"qode-bct-post-title entry_title\" itemprop=\"name\">\n\t\t\t\t\t\t\t\t<a href=\"https:\/\/belohorizonte.eleusal.com\/pt-br\/divulgando-a-lingua-e-a-cultura-espanhola\/\" itemprop=\"url\">Divulgando a l\u00edngua e a cultura espanhola<\/a>\n\t\t\t\t\t\t\t<\/h4>\n\t\t\t\t\t\t\t\t\t\t\t\t\t\t<p itemprop=\"description\" class = \"qode-bct-post-excerpt\"> Divulgando a l\u00edngua e a cultura no in\u00edcio do ano queremos parabenizar os professores de espanhol das escolas colaboradoras da Escola de L\u00edngua Espanhola da Universidade de Salamanca de Belo Horizonte porque como resultado deste trabalho conjunto, todas as escolas \u00e0s quais damos apoio decidido a continuar oferecendo o espanhol dentro do curr\u00edculo escolar neste ano de 2020. Podem contar conosco porque vamos continuar trabalhando para que em 2021 continue assim.<\/p>\n\t\t\t\t\t\t\t<div class=\"qode-bct-post-date entry_date updated\" itemprop=\"dateCreated\">\n\t\t\t\t\t\t\t\t10 mar\u00e7o, 2021\t\t\t\t\t\t\t\t<meta itemprop=\"interactionCount\" content=\"UserComments: 0\"\/>\n\t\t\t\t\t\t\t<\/div>\n\t\t\t\t\t\t<\/div>\n\t\t\t\t\t<\/div>\n\t\t\t\t\t\t\t\t\t\t\t\t<div class=\"qode-bct-post\">\n\t\t\t\t\t\t\t\t\t\t\t\t\t<div class=\"qode-bct-post-image\">\n\t\t\t\t\t\t\t\t<a href=\"https:\/\/belohorizonte.eleusal.com\/pt-br\/siele-em-ele-usal-belo-horizonte\/\" itemprop=\"url\">\n\t\t\t\t\t\t\t\t\t<img loading=\"lazy\" decoding=\"async\" width=\"225\" height=\"225\" src=\"https:\/\/belohorizonte.eleusal.com\/wp-content\/uploads\/sites\/18\/2020\/02\/logo-siele.jpg\" class=\"attachment-portfolio-landscape size-portfolio-landscape wp-post-image\" alt=\"\" srcset=\"https:\/\/belohorizonte.eleusal.com\/wp-content\/uploads\/sites\/18\/2020\/02\/logo-siele.jpg 225w, https:\/\/belohorizonte.eleusal.com\/wp-content\/uploads\/sites\/18\/2020\/02\/logo-siele-150x150.jpg 150w, https:\/\/belohorizonte.eleusal.com\/wp-content\/uploads\/sites\/18\/2020\/02\/logo-siele-100x100.jpg 100w\" sizes=\"auto, (max-width: 225px) 100vw, 225px\" \/>\t\t\t\t\t\t\t\t<\/a>\n\t\t\t\t\t\t\t<\/div>\n\t\t\t\t\t\t\t\t\t\t\t\t<div class=\"qode-bct-post-text\">\n\t\t\t\t\t\t\t<h4 class=\"qode-bct-post-title entry_title\" itemprop=\"name\">\n\t\t\t\t\t\t\t\t<a href=\"https:\/\/belohorizonte.eleusal.com\/pt-br\/siele-em-ele-usal-belo-horizonte\/\" itemprop=\"url\">SIELE em ELE USAL BELO HORIZONTE<\/a>\n\t\t\t\t\t\t\t<\/h4>\n\t\t\t\t\t\t\t\t\t\t\t\t\t\t<p itemprop=\"description\" class = \"qode-bct-post-excerpt\"> Somos os maiores examinadores do SIELE de Minas Gerais, ningu\u00e9m oferece tantas possibilidades de dias e horas como n\u00f3s. Fa\u00e7a este teste reconhecido internacionalmente e prepare-se para trabalhar ou estudar fora do Brasil. \u00c9 necess\u00e1rio um reconhecimento em espanhol para poder estudar, por exemplo, medicina gratuita na Argentina<\/p>\n\t\t\t\t\t\t\t<div class=\"qode-bct-post-date entry_date updated\" itemprop=\"dateCreated\">\n\t\t\t\t\t\t\t\t10 mar\u00e7o, 2021\t\t\t\t\t\t\t\t<meta itemprop=\"interactionCount\" content=\"UserComments: 0\"\/>\n\t\t\t\t\t\t\t<\/div>\n\t\t\t\t\t\t<\/div>\n\t\t\t\t\t<\/div>\n\t\t\t\t\t<\/div>\n\t\t<\/div>\n\t<\/div>[\/vc_column][\/vc_row]Noticias<\/p>\n","protected":false},"excerpt":{"rendered":"<p>[vc_row css_animation=&#8221;&#8221; row_type=&#8221;row&#8221; use_row_as_full_screen_section=&#8221;no&#8221; type=&#8221;full_width&#8221; angled_section=&#8221;no&#8221; text_align=&#8221;left&#8221; background_image_as_pattern=&#8221;without_pattern&#8221; padding_bottom=&#8221;90&#8243; z_index=&#8221;&#8221;][vc_column][vc_separator type=&#8221;normal&#8221;][vc_empty_space][vc_column_text] Not\u00edcias ELE USAL Belo Horizonte [\/vc_column_text][vc_empty_space][\/vc_column][\/vc_row]Noticias<\/p>\n","protected":false},"author":17,"featured_media":0,"parent":0,"menu_order":0,"comment_status":"closed","ping_status":"closed","template":"","meta":{"footnotes":""},"class_list":["post-2193","page","type-page","status-publish","hentry"],"yoast_head":"<!-- This site is optimized with the Yoast SEO plugin v24.2 - https:\/\/yoast.com\/wordpress\/plugins\/seo\/ -->\n<title>Not\u00edcias - ELE USAL Belo Horizonte<\/title>\n<meta name=\"robots\" content=\"index, follow, max-snippet:-1, max-image-preview:large, max-video-preview:-1\" \/>\n<link rel=\"canonical\" href=\"https:\/\/belohorizonte.eleusal.com\/pt-br\/noticias\/\" \/>\n<meta property=\"og:locale\" content=\"pt_BR\" \/>\n<meta property=\"og:type\" content=\"article\" \/>\n<meta property=\"og:title\" content=\"Not\u00edcias - ELE USAL Belo Horizonte\" \/>\n<meta property=\"og:description\" content=\"[vc_row css_animation=&#8221;&#8221; row_type=&#8221;row&#8221; use_row_as_full_screen_section=&#8221;no&#8221; type=&#8221;full_width&#8221; angled_section=&#8221;no&#8221; text_align=&#8221;left&#8221; background_image_as_pattern=&#8221;without_pattern&#8221; padding_bottom=&#8221;90&#8243; z_index=&#8221;&#8221;][vc_column][vc_separator type=&#8221;normal&#8221;][vc_empty_space][vc_column_text] Not\u00edcias ELE USAL Belo Horizonte [\/vc_column_text][vc_empty_space][\/vc_column][\/vc_row]Noticias\" \/>\n<meta property=\"og:url\" content=\"https:\/\/belohorizonte.eleusal.com\/pt-br\/noticias\/\" \/>\n<meta property=\"og:site_name\" content=\"ELE USAL Belo Horizonte\" \/>\n<meta property=\"article:modified_time\" content=\"2021-03-10T14:59:17+00:00\" \/>\n<meta name=\"twitter:card\" content=\"summary_large_image\" \/>\n<script type=\"application\/ld+json\" class=\"yoast-schema-graph\">{\"@context\":\"https:\/\/schema.org\",\"@graph\":[{\"@type\":\"WebPage\",\"@id\":\"https:\/\/belohorizonte.eleusal.com\/pt-br\/noticias\/\",\"url\":\"https:\/\/belohorizonte.eleusal.com\/pt-br\/noticias\/\",\"name\":\"Not\u00edcias - ELE USAL Belo Horizonte\",\"isPartOf\":{\"@id\":\"https:\/\/belohorizonte.eleusal.com\/#website\"},\"datePublished\":\"2021-03-10T14:58:04+00:00\",\"dateModified\":\"2021-03-10T14:59:17+00:00\",\"breadcrumb\":{\"@id\":\"https:\/\/belohorizonte.eleusal.com\/pt-br\/noticias\/#breadcrumb\"},\"inLanguage\":\"pt-BR\",\"potentialAction\":[{\"@type\":\"ReadAction\",\"target\":[\"https:\/\/belohorizonte.eleusal.com\/pt-br\/noticias\/\"]}]},{\"@type\":\"BreadcrumbList\",\"@id\":\"https:\/\/belohorizonte.eleusal.com\/pt-br\/noticias\/#breadcrumb\",\"itemListElement\":[{\"@type\":\"ListItem\",\"position\":1,\"name\":\"Home\",\"item\":\"https:\/\/belohorizonte.eleusal.com\/pt-br\/\"},{\"@type\":\"ListItem\",\"position\":2,\"name\":\"Not\u00edcias\"}]},{\"@type\":\"WebSite\",\"@id\":\"https:\/\/belohorizonte.eleusal.com\/#website\",\"url\":\"https:\/\/belohorizonte.eleusal.com\/\",\"name\":\"ELE USAL Belo Horizonte\",\"description\":\"ELE USAL\",\"potentialAction\":[{\"@type\":\"SearchAction\",\"target\":{\"@type\":\"EntryPoint\",\"urlTemplate\":\"https:\/\/belohorizonte.eleusal.com\/?s={search_term_string}\"},\"query-input\":{\"@type\":\"PropertyValueSpecification\",\"valueRequired\":true,\"valueName\":\"search_term_string\"}}],\"inLanguage\":\"pt-BR\"}]}<\/script>\n<!-- \/ Yoast SEO plugin. -->","yoast_head_json":{"title":"Not\u00edcias - ELE USAL Belo Horizonte","robots":{"index":"index","follow":"follow","max-snippet":"max-snippet:-1","max-image-preview":"max-image-preview:large","max-video-preview":"max-video-preview:-1"},"canonical":"https:\/\/belohorizonte.eleusal.com\/pt-br\/noticias\/","og_locale":"pt_BR","og_type":"article","og_title":"Not\u00edcias - ELE USAL Belo Horizonte","og_description":"[vc_row css_animation=&#8221;&#8221; row_type=&#8221;row&#8221; use_row_as_full_screen_section=&#8221;no&#8221; type=&#8221;full_width&#8221; angled_section=&#8221;no&#8221; text_align=&#8221;left&#8221; background_image_as_pattern=&#8221;without_pattern&#8221; padding_bottom=&#8221;90&#8243; z_index=&#8221;&#8221;][vc_column][vc_separator type=&#8221;normal&#8221;][vc_empty_space][vc_column_text] Not\u00edcias ELE USAL Belo Horizonte [\/vc_column_text][vc_empty_space][\/vc_column][\/vc_row]Noticias","og_url":"https:\/\/belohorizonte.eleusal.com\/pt-br\/noticias\/","og_site_name":"ELE USAL Belo Horizonte","article_modified_time":"2021-03-10T14:59:17+00:00","twitter_card":"summary_large_image","schema":{"@context":"https:\/\/schema.org","@graph":[{"@type":"WebPage","@id":"https:\/\/belohorizonte.eleusal.com\/pt-br\/noticias\/","url":"https:\/\/belohorizonte.eleusal.com\/pt-br\/noticias\/","name":"Not\u00edcias - ELE USAL Belo Horizonte","isPartOf":{"@id":"https:\/\/belohorizonte.eleusal.com\/#website"},"datePublished":"2021-03-10T14:58:04+00:00","dateModified":"2021-03-10T14:59:17+00:00","breadcrumb":{"@id":"https:\/\/belohorizonte.eleusal.com\/pt-br\/noticias\/#breadcrumb"},"inLanguage":"pt-BR","potentialAction":[{"@type":"ReadAction","target":["https:\/\/belohorizonte.eleusal.com\/pt-br\/noticias\/"]}]},{"@type":"BreadcrumbList","@id":"https:\/\/belohorizonte.eleusal.com\/pt-br\/noticias\/#breadcrumb","itemListElement":[{"@type":"ListItem","position":1,"name":"Home","item":"https:\/\/belohorizonte.eleusal.com\/pt-br\/"},{"@type":"ListItem","position":2,"name":"Not\u00edcias"}]},{"@type":"WebSite","@id":"https:\/\/belohorizonte.eleusal.com\/#website","url":"https:\/\/belohorizonte.eleusal.com\/","name":"ELE USAL Belo Horizonte","description":"ELE USAL","potentialAction":[{"@type":"SearchAction","target":{"@type":"EntryPoint","urlTemplate":"https:\/\/belohorizonte.eleusal.com\/?s={search_term_string}"},"query-input":{"@type":"PropertyValueSpecification","valueRequired":true,"valueName":"search_term_string"}}],"inLanguage":"pt-BR"}]}},"_links":{"self":[{"href":"https:\/\/belohorizonte.eleusal.com\/pt-br\/wp-json\/wp\/v2\/pages\/2193","targetHints":{"allow":["GET"]}}],"collection":[{"href":"https:\/\/belohorizonte.eleusal.com\/pt-br\/wp-json\/wp\/v2\/pages"}],"about":[{"href":"https:\/\/belohorizonte.eleusal.com\/pt-br\/wp-json\/wp\/v2\/types\/page"}],"author":[{"embeddable":true,"href":"https:\/\/belohorizonte.eleusal.com\/pt-br\/wp-json\/wp\/v2\/users\/17"}],"replies":[{"embeddable":true,"href":"https:\/\/belohorizonte.eleusal.com\/pt-br\/wp-json\/wp\/v2\/comments?post=2193"}],"version-history":[{"count":2,"href":"https:\/\/belohorizonte.eleusal.com\/pt-br\/wp-json\/wp\/v2\/pages\/2193\/revisions"}],"predecessor-version":[{"id":2196,"href":"https:\/\/belohorizonte.eleusal.com\/pt-br\/wp-json\/wp\/v2\/pages\/2193\/revisions\/2196"}],"wp:attachment":[{"href":"https:\/\/belohorizonte.eleusal.com\/pt-br\/wp-json\/wp\/v2\/media?parent=2193"}],"curies":[{"name":"wp","href":"https:\/\/api.w.org\/{rel}","templated":true}]}}