{"id":2002,"date":"2020-03-08T15:54:45","date_gmt":"2020-03-08T14:54:45","guid":{"rendered":"https:\/\/belohorizonte.eleusal.com\/?page_id=2002"},"modified":"2021-06-04T11:34:06","modified_gmt":"2021-06-04T09:34:06","slug":"la-escuela","status":"publish","type":"page","link":"https:\/\/belohorizonte.eleusal.com\/pt-br\/la-escuela\/","title":{"rendered":"A escola"},"content":{"rendered":"<p>[vc_row css_animation=&#8221;&#8221; row_type=&#8221;row&#8221; use_row_as_full_screen_section=&#8221;no&#8221; type=&#8221;full_width&#8221; angled_section=&#8221;no&#8221; text_align=&#8221;left&#8221; background_image_as_pattern=&#8221;without_pattern&#8221; z_index=&#8221;5&#8243; css=&#8221;.vc_custom_1559671034940{background-color: #d22020 !important;}&#8221;][vc_column css=&#8221;.vc_custom_1525095376667{margin-bottom: -3% !important;}&#8221;][rev_slider_vc alias=&#8221;alicante-y-provincia-1-mb&#8221;][qode_elements_holder number_of_columns=&#8221;one_column&#8221;][qode_elements_holder_item advanced_animations=&#8221;no&#8221; item_padding=&#8221;46px 0 0 0&#8243; item_padding_1280_1440=&#8221;29px 0 0 0&#8243; item_padding_1024_1280=&#8221;29px 0 0 0&#8243; item_padding_768_1024=&#8221;20px 0 0 0&#8243; item_padding_600_768=&#8221;13px 0 0 0&#8243; item_padding_480_600=&#8221;0 0 0 0&#8243; item_padding_480=&#8221;0 0 0 0&#8243;][\/qode_elements_holder_item][\/qode_elements_holder][\/vc_column][\/vc_row][vc_row css_animation=&#8221;&#8221; row_type=&#8221;row&#8221; use_row_as_full_screen_section=&#8221;no&#8221; type=&#8221;grid&#8221; angled_section=&#8221;no&#8221; text_align=&#8221;center&#8221; background_image_as_pattern=&#8221;without_pattern&#8221; padding_bottom=&#8221;39&#8243; css=&#8221;.vc_custom_1526025235376{background-color: #ffffff !important;background-position: center !important;background-repeat: no-repeat !important;background-size: cover !important;}&#8221; z_index=&#8221;4&#8243;][vc_column][vc_empty_space height=&#8221;62px&#8221;][vc_column_text]<\/p>\n<h2 style=\"text-align: center\"><span style=\"color: #d22000\">Belo Horizonte e ELE USAL<\/span><\/h2>\n<p>[\/vc_column_text][vc_column_text][\/vc_column_text][\/vc_column][\/vc_row][vc_row css_animation=&#8221;&#8221; row_type=&#8221;row&#8221; use_row_as_full_screen_section=&#8221;no&#8221; type=&#8221;full_width&#8221; angled_section=&#8221;no&#8221; text_align=&#8221;left&#8221; background_image_as_pattern=&#8221;without_pattern&#8221; padding_bottom=&#8221;120&#8243; z_index=&#8221;6&#8243; css=&#8221;.vc_custom_1573143850054{margin-top: 0px !important;margin-right: 0px !important;margin-bottom: 0px !important;margin-left: 6px !important;background-color: #ffffff !important;}&#8221;][vc_column][vc_column_text]<span style=\"font-weight: 400\">Em Belo Horizonte temos grandes universidades, como a Universidade Federal de Minas Gerais, museus, bibliotecas, espacios culturales e atividades de lazer e tempo livre.\u00a0 E tudo isto, disfrutando de uma cidade fascinante com uma vida nocturna agitada e com destinos tur\u00edsticos t\u00e3o interessantes como a lagoa da Pampulha (projetada pelo arquiteto Oscar Niemeyer e patrim\u00f4nio cultural da humanidade), o Museu de Arte Contempor\u00e2neo de Inhotim, e cidades\u00a0 hist\u00f3ricas pr\u00f3ximas como a cidade de Ouro Preto.<\/span><\/p>\n<p><span style=\"font-weight: 400\">\u00a0<\/span><\/p>\n<p><span style=\"font-weight: 400\">A Escola ELE USAL Belo Horizonte tem como objetivo principal atender a todos aqueles interessados em aprender e melhorar seus conhecimentos de espanhol como l\u00edngua estrangeira com a garantia de excel\u00eancia da Universidade de Salamanca, a universidade mais antiga de Espanha e uma das quatro mais antigas de Europa, que conta, tamb\u00e9m, com uma longa tradi\u00e7\u00e3o no ensino de Espanhol como L\u00edngua Estrangeira.<\/span><\/p>\n<p><span style=\"font-weight: 400\">\u00a0<\/span><\/p>\n<p><span style=\"font-weight: 400\">O centro franqueado da Universidade de Salamanca se encontra situado em Belo Horizonte, capital do estado de Minas Gerais, uma das cidades mais populosas do Brasil e um dos centros mais importantes para efetuar neg\u00f3cios em Am\u00e9rica Latina. Muitos de seus neg\u00f3cios est\u00e3o vinculados \u00e0 actividade mineira, que d\u00e1 nome ao Estado, mas sua principal atividade econ\u00f4mica procede de um crescente sector tur\u00edstico e de servi\u00e7os.<\/span>[\/vc_column_text][\/vc_column][\/vc_row][vc_row css_animation=&#8221;&#8221; row_type=&#8221;row&#8221; use_row_as_full_screen_section=&#8221;no&#8221; type=&#8221;grid&#8221; angled_section=&#8221;no&#8221; text_align=&#8221;center&#8221; background_image_as_pattern=&#8221;without_pattern&#8221; padding_bottom=&#8221;30&#8243; z_index=&#8221;&#8221; css=&#8221;.vc_custom_1559300747593{padding-bottom: 100px !important;background-color: #ffffff !important;}&#8221;][vc_column width=&#8221;1\/4&#8243;][\/vc_column][vc_column width=&#8221;1\/2&#8243;][\/vc_column][vc_column width=&#8221;1\/4&#8243;][\/vc_column][\/vc_row]<\/p>\n","protected":false},"excerpt":{"rendered":"<p>[vc_row css_animation=&#8221;&#8221; row_type=&#8221;row&#8221; use_row_as_full_screen_section=&#8221;no&#8221; type=&#8221;full_width&#8221; angled_section=&#8221;no&#8221; text_align=&#8221;left&#8221; background_image_as_pattern=&#8221;without_pattern&#8221; z_index=&#8221;5&#8243; css=&#8221;.vc_custom_1559671034940{background-color: #d22020 !important;}&#8221;][vc_column css=&#8221;.vc_custom_1525095376667{margin-bottom: -3% !important;}&#8221;][rev_slider_vc alias=&#8221;alicante-y-provincia-1-mb&#8221;][qode_elements_holder number_of_columns=&#8221;one_column&#8221;][qode_elements_holder_item advanced_animations=&#8221;no&#8221; item_padding=&#8221;46px 0 0 0&#8243; item_padding_1280_1440=&#8221;29px 0 0 0&#8243; item_padding_1024_1280=&#8221;29px 0 0 0&#8243; item_padding_768_1024=&#8221;20px 0 0 0&#8243; item_padding_600_768=&#8221;13px 0 0 0&#8243; item_padding_480_600=&#8221;0 0 0 0&#8243; item_padding_480=&#8221;0 0 0 0&#8243;][\/qode_elements_holder_item][\/qode_elements_holder][\/vc_column][\/vc_row][vc_row css_animation=&#8221;&#8221; row_type=&#8221;row&#8221; use_row_as_full_screen_section=&#8221;no&#8221; type=&#8221;grid&#8221; angled_section=&#8221;no&#8221; text_align=&#8221;center&#8221; background_image_as_pattern=&#8221;without_pattern&#8221; padding_bottom=&#8221;39&#8243; css=&#8221;.vc_custom_1526025235376{background-color: #ffffff !important;background-position: center !important;background-repeat: no-repeat !important;background-size: cover !important;}&#8221; z_index=&#8221;4&#8243;][vc_column][vc_empty_space height=&#8221;62px&#8221;][vc_column_text] Belo Horizonte e ELE USAL [\/vc_column_text][vc_column_text][\/vc_column_text][\/vc_column][\/vc_row][vc_row css_animation=&#8221;&#8221; row_type=&#8221;row&#8221; use_row_as_full_screen_section=&#8221;no&#8221; type=&#8221;full_width&#8221; angled_section=&#8221;no&#8221; text_align=&#8221;left&#8221; background_image_as_pattern=&#8221;without_pattern&#8221; padding_bottom=&#8221;120&#8243; z_index=&#8221;6&#8243; css=&#8221;.vc_custom_1573143850054{margin-top: 0px !important;margin-right: 0px !important;margin-bottom: 0px !important;margin-left: 6px !important;background-color: #ffffff !important;}&#8221;][vc_column][vc_column_text]Em Belo Horizonte temos grandes universidades, como a Universidade Federal de Minas Gerais, museus, bibliotecas, espacios culturales e atividades de lazer e tempo livre.\u00a0 E tudo isto, disfrutando de uma cidade fascinante com uma vida nocturna agitada e com destinos tur\u00edsticos t\u00e3o interessantes como a lagoa da Pampulha (projetada pelo arquiteto Oscar Niemeyer e patrim\u00f4nio cultural da humanidade), o Museu de Arte Contempor\u00e2neo de Inhotim, e cidades\u00a0 hist\u00f3ricas pr\u00f3ximas como a cidade de Ouro Preto. \u00a0 A Escola ELE USAL Belo Horizonte tem como objetivo principal atender a todos aqueles interessados em aprender e melhorar seus conhecimentos de espanhol como l\u00edngua estrangeira com a garantia de excel\u00eancia da Universidade de Salamanca, a universidade mais antiga de Espanha e uma das quatro mais antigas de Europa, que conta, tamb\u00e9m, com uma longa tradi\u00e7\u00e3o no ensino de Espanhol como L\u00edngua Estrangeira. \u00a0 O centro franqueado da Universidade de Salamanca se encontra situado em Belo Horizonte, capital do estado de Minas Gerais, uma das cidades mais populosas do Brasil e um dos centros mais importantes para efetuar neg\u00f3cios em Am\u00e9rica Latina. Muitos de seus neg\u00f3cios est\u00e3o vinculados \u00e0 actividade mineira, que d\u00e1 nome ao Estado, mas sua principal atividade econ\u00f4mica procede de um crescente sector tur\u00edstico e de servi\u00e7os.[\/vc_column_text][\/vc_column][\/vc_row][vc_row css_animation=&#8221;&#8221; row_type=&#8221;row&#8221; use_row_as_full_screen_section=&#8221;no&#8221; type=&#8221;grid&#8221;&#8230;<\/p>\n","protected":false},"author":17,"featured_media":0,"parent":0,"menu_order":0,"comment_status":"closed","ping_status":"closed","template":"full_width.php","meta":{"footnotes":""},"class_list":["post-2002","page","type-page","status-publish","hentry"],"yoast_head":"<!-- This site is optimized with the Yoast SEO plugin v24.2 - https:\/\/yoast.com\/wordpress\/plugins\/seo\/ -->\n<title>A escola - ELE USAL Belo Horizonte<\/title>\n<meta name=\"robots\" content=\"index, follow, max-snippet:-1, max-image-preview:large, max-video-preview:-1\" \/>\n<link rel=\"canonical\" href=\"https:\/\/belohorizonte.eleusal.com\/pt-br\/la-escuela\/\" \/>\n<meta property=\"og:locale\" content=\"pt_BR\" \/>\n<meta property=\"og:type\" content=\"article\" \/>\n<meta property=\"og:title\" content=\"A escola - ELE USAL Belo Horizonte\" \/>\n<meta property=\"og:description\" content=\"[vc_row css_animation=&#8221;&#8221; row_type=&#8221;row&#8221; use_row_as_full_screen_section=&#8221;no&#8221; type=&#8221;full_width&#8221; angled_section=&#8221;no&#8221; text_align=&#8221;left&#8221; background_image_as_pattern=&#8221;without_pattern&#8221; z_index=&#8221;5&#8243; css=&#8221;.vc_custom_1559671034940{background-color: #d22020 !important;}&#8221;][vc_column css=&#8221;.vc_custom_1525095376667{margin-bottom: -3% !important;}&#8221;][rev_slider_vc alias=&#8221;alicante-y-provincia-1-mb&#8221;][qode_elements_holder number_of_columns=&#8221;one_column&#8221;][qode_elements_holder_item advanced_animations=&#8221;no&#8221; item_padding=&#8221;46px 0 0 0&#8243; item_padding_1280_1440=&#8221;29px 0 0 0&#8243; item_padding_1024_1280=&#8221;29px 0 0 0&#8243; item_padding_768_1024=&#8221;20px 0 0 0&#8243; item_padding_600_768=&#8221;13px 0 0 0&#8243; item_padding_480_600=&#8221;0 0 0 0&#8243; item_padding_480=&#8221;0 0 0 0&#8243;][\/qode_elements_holder_item][\/qode_elements_holder][\/vc_column][\/vc_row][vc_row css_animation=&#8221;&#8221; row_type=&#8221;row&#8221; use_row_as_full_screen_section=&#8221;no&#8221; type=&#8221;grid&#8221; angled_section=&#8221;no&#8221; text_align=&#8221;center&#8221; background_image_as_pattern=&#8221;without_pattern&#8221; padding_bottom=&#8221;39&#8243; css=&#8221;.vc_custom_1526025235376{background-color: #ffffff !important;background-position: center !important;background-repeat: no-repeat !important;background-size: cover !important;}&#8221; z_index=&#8221;4&#8243;][vc_column][vc_empty_space height=&#8221;62px&#8221;][vc_column_text] Belo Horizonte e ELE USAL [\/vc_column_text][vc_column_text][\/vc_column_text][\/vc_column][\/vc_row][vc_row css_animation=&#8221;&#8221; row_type=&#8221;row&#8221; use_row_as_full_screen_section=&#8221;no&#8221; type=&#8221;full_width&#8221; angled_section=&#8221;no&#8221; text_align=&#8221;left&#8221; background_image_as_pattern=&#8221;without_pattern&#8221; padding_bottom=&#8221;120&#8243; z_index=&#8221;6&#8243; css=&#8221;.vc_custom_1573143850054{margin-top: 0px !important;margin-right: 0px !important;margin-bottom: 0px !important;margin-left: 6px !important;background-color: #ffffff !important;}&#8221;][vc_column][vc_column_text]Em Belo Horizonte temos grandes universidades, como a Universidade Federal de Minas Gerais, museus, bibliotecas, espacios culturales e atividades de lazer e tempo livre.\u00a0 E tudo isto, disfrutando de uma cidade fascinante com uma vida nocturna agitada e com destinos tur\u00edsticos t\u00e3o interessantes como a lagoa da Pampulha (projetada pelo arquiteto Oscar Niemeyer e patrim\u00f4nio cultural da humanidade), o Museu de Arte Contempor\u00e2neo de Inhotim, e cidades\u00a0 hist\u00f3ricas pr\u00f3ximas como a cidade de Ouro Preto. \u00a0 A Escola ELE USAL Belo Horizonte tem como objetivo principal atender a todos aqueles interessados em aprender e melhorar seus conhecimentos de espanhol como l\u00edngua estrangeira com a garantia de excel\u00eancia da Universidade de Salamanca, a universidade mais antiga de Espanha e uma das quatro mais antigas de Europa, que conta, tamb\u00e9m, com uma longa tradi\u00e7\u00e3o no ensino de Espanhol como L\u00edngua Estrangeira. \u00a0 O centro franqueado da Universidade de Salamanca se encontra situado em Belo Horizonte, capital do estado de Minas Gerais, uma das cidades mais populosas do Brasil e um dos centros mais importantes para efetuar neg\u00f3cios em Am\u00e9rica Latina. Muitos de seus neg\u00f3cios est\u00e3o vinculados \u00e0 actividade mineira, que d\u00e1 nome ao Estado, mas sua principal atividade econ\u00f4mica procede de um crescente sector tur\u00edstico e de servi\u00e7os.[\/vc_column_text][\/vc_column][\/vc_row][vc_row css_animation=&#8221;&#8221; row_type=&#8221;row&#8221; use_row_as_full_screen_section=&#8221;no&#8221; type=&#8221;grid&#8221;...\" \/>\n<meta property=\"og:url\" content=\"https:\/\/belohorizonte.eleusal.com\/pt-br\/la-escuela\/\" \/>\n<meta property=\"og:site_name\" content=\"ELE USAL Belo Horizonte\" \/>\n<meta property=\"article:modified_time\" content=\"2021-06-04T09:34:06+00:00\" \/>\n<meta name=\"twitter:card\" content=\"summary_large_image\" \/>\n<meta name=\"twitter:label1\" content=\"Est. tempo de leitura\" \/>\n\t<meta name=\"twitter:data1\" content=\"3 minutos\" \/>\n<script type=\"application\/ld+json\" class=\"yoast-schema-graph\">{\"@context\":\"https:\/\/schema.org\",\"@graph\":[{\"@type\":\"WebPage\",\"@id\":\"https:\/\/belohorizonte.eleusal.com\/pt-br\/la-escuela\/\",\"url\":\"https:\/\/belohorizonte.eleusal.com\/pt-br\/la-escuela\/\",\"name\":\"A escola - ELE USAL Belo Horizonte\",\"isPartOf\":{\"@id\":\"https:\/\/belohorizonte.eleusal.com\/#website\"},\"datePublished\":\"2020-03-08T14:54:45+00:00\",\"dateModified\":\"2021-06-04T09:34:06+00:00\",\"breadcrumb\":{\"@id\":\"https:\/\/belohorizonte.eleusal.com\/pt-br\/la-escuela\/#breadcrumb\"},\"inLanguage\":\"pt-BR\",\"potentialAction\":[{\"@type\":\"ReadAction\",\"target\":[\"https:\/\/belohorizonte.eleusal.com\/pt-br\/la-escuela\/\"]}]},{\"@type\":\"BreadcrumbList\",\"@id\":\"https:\/\/belohorizonte.eleusal.com\/pt-br\/la-escuela\/#breadcrumb\",\"itemListElement\":[{\"@type\":\"ListItem\",\"position\":1,\"name\":\"Home\",\"item\":\"https:\/\/belohorizonte.eleusal.com\/pt-br\/\"},{\"@type\":\"ListItem\",\"position\":2,\"name\":\"A escola\"}]},{\"@type\":\"WebSite\",\"@id\":\"https:\/\/belohorizonte.eleusal.com\/#website\",\"url\":\"https:\/\/belohorizonte.eleusal.com\/\",\"name\":\"ELE USAL Belo Horizonte\",\"description\":\"ELE USAL\",\"potentialAction\":[{\"@type\":\"SearchAction\",\"target\":{\"@type\":\"EntryPoint\",\"urlTemplate\":\"https:\/\/belohorizonte.eleusal.com\/?s={search_term_string}\"},\"query-input\":{\"@type\":\"PropertyValueSpecification\",\"valueRequired\":true,\"valueName\":\"search_term_string\"}}],\"inLanguage\":\"pt-BR\"}]}<\/script>\n<!-- \/ Yoast SEO plugin. -->","yoast_head_json":{"title":"A escola - ELE USAL Belo Horizonte","robots":{"index":"index","follow":"follow","max-snippet":"max-snippet:-1","max-image-preview":"max-image-preview:large","max-video-preview":"max-video-preview:-1"},"canonical":"https:\/\/belohorizonte.eleusal.com\/pt-br\/la-escuela\/","og_locale":"pt_BR","og_type":"article","og_title":"A escola - ELE USAL Belo Horizonte","og_description":"[vc_row css_animation=&#8221;&#8221; row_type=&#8221;row&#8221; use_row_as_full_screen_section=&#8221;no&#8221; type=&#8221;full_width&#8221; angled_section=&#8221;no&#8221; text_align=&#8221;left&#8221; background_image_as_pattern=&#8221;without_pattern&#8221; z_index=&#8221;5&#8243; css=&#8221;.vc_custom_1559671034940{background-color: #d22020 !important;}&#8221;][vc_column css=&#8221;.vc_custom_1525095376667{margin-bottom: -3% !important;}&#8221;][rev_slider_vc alias=&#8221;alicante-y-provincia-1-mb&#8221;][qode_elements_holder number_of_columns=&#8221;one_column&#8221;][qode_elements_holder_item advanced_animations=&#8221;no&#8221; item_padding=&#8221;46px 0 0 0&#8243; item_padding_1280_1440=&#8221;29px 0 0 0&#8243; item_padding_1024_1280=&#8221;29px 0 0 0&#8243; item_padding_768_1024=&#8221;20px 0 0 0&#8243; item_padding_600_768=&#8221;13px 0 0 0&#8243; item_padding_480_600=&#8221;0 0 0 0&#8243; item_padding_480=&#8221;0 0 0 0&#8243;][\/qode_elements_holder_item][\/qode_elements_holder][\/vc_column][\/vc_row][vc_row css_animation=&#8221;&#8221; row_type=&#8221;row&#8221; use_row_as_full_screen_section=&#8221;no&#8221; type=&#8221;grid&#8221; angled_section=&#8221;no&#8221; text_align=&#8221;center&#8221; background_image_as_pattern=&#8221;without_pattern&#8221; padding_bottom=&#8221;39&#8243; css=&#8221;.vc_custom_1526025235376{background-color: #ffffff !important;background-position: center !important;background-repeat: no-repeat !important;background-size: cover !important;}&#8221; z_index=&#8221;4&#8243;][vc_column][vc_empty_space height=&#8221;62px&#8221;][vc_column_text] Belo Horizonte e ELE USAL [\/vc_column_text][vc_column_text][\/vc_column_text][\/vc_column][\/vc_row][vc_row css_animation=&#8221;&#8221; row_type=&#8221;row&#8221; use_row_as_full_screen_section=&#8221;no&#8221; type=&#8221;full_width&#8221; angled_section=&#8221;no&#8221; text_align=&#8221;left&#8221; background_image_as_pattern=&#8221;without_pattern&#8221; padding_bottom=&#8221;120&#8243; z_index=&#8221;6&#8243; css=&#8221;.vc_custom_1573143850054{margin-top: 0px !important;margin-right: 0px !important;margin-bottom: 0px !important;margin-left: 6px !important;background-color: #ffffff !important;}&#8221;][vc_column][vc_column_text]Em Belo Horizonte temos grandes universidades, como a Universidade Federal de Minas Gerais, museus, bibliotecas, espacios culturales e atividades de lazer e tempo livre.\u00a0 E tudo isto, disfrutando de uma cidade fascinante com uma vida nocturna agitada e com destinos tur\u00edsticos t\u00e3o interessantes como a lagoa da Pampulha (projetada pelo arquiteto Oscar Niemeyer e patrim\u00f4nio cultural da humanidade), o Museu de Arte Contempor\u00e2neo de Inhotim, e cidades\u00a0 hist\u00f3ricas pr\u00f3ximas como a cidade de Ouro Preto. \u00a0 A Escola ELE USAL Belo Horizonte tem como objetivo principal atender a todos aqueles interessados em aprender e melhorar seus conhecimentos de espanhol como l\u00edngua estrangeira com a garantia de excel\u00eancia da Universidade de Salamanca, a universidade mais antiga de Espanha e uma das quatro mais antigas de Europa, que conta, tamb\u00e9m, com uma longa tradi\u00e7\u00e3o no ensino de Espanhol como L\u00edngua Estrangeira. \u00a0 O centro franqueado da Universidade de Salamanca se encontra situado em Belo Horizonte, capital do estado de Minas Gerais, uma das cidades mais populosas do Brasil e um dos centros mais importantes para efetuar neg\u00f3cios em Am\u00e9rica Latina. Muitos de seus neg\u00f3cios est\u00e3o vinculados \u00e0 actividade mineira, que d\u00e1 nome ao Estado, mas sua principal atividade econ\u00f4mica procede de um crescente sector tur\u00edstico e de servi\u00e7os.[\/vc_column_text][\/vc_column][\/vc_row][vc_row css_animation=&#8221;&#8221; row_type=&#8221;row&#8221; use_row_as_full_screen_section=&#8221;no&#8221; type=&#8221;grid&#8221;...","og_url":"https:\/\/belohorizonte.eleusal.com\/pt-br\/la-escuela\/","og_site_name":"ELE USAL Belo Horizonte","article_modified_time":"2021-06-04T09:34:06+00:00","twitter_card":"summary_large_image","twitter_misc":{"Est. tempo de leitura":"3 minutos"},"schema":{"@context":"https:\/\/schema.org","@graph":[{"@type":"WebPage","@id":"https:\/\/belohorizonte.eleusal.com\/pt-br\/la-escuela\/","url":"https:\/\/belohorizonte.eleusal.com\/pt-br\/la-escuela\/","name":"A escola - ELE USAL Belo Horizonte","isPartOf":{"@id":"https:\/\/belohorizonte.eleusal.com\/#website"},"datePublished":"2020-03-08T14:54:45+00:00","dateModified":"2021-06-04T09:34:06+00:00","breadcrumb":{"@id":"https:\/\/belohorizonte.eleusal.com\/pt-br\/la-escuela\/#breadcrumb"},"inLanguage":"pt-BR","potentialAction":[{"@type":"ReadAction","target":["https:\/\/belohorizonte.eleusal.com\/pt-br\/la-escuela\/"]}]},{"@type":"BreadcrumbList","@id":"https:\/\/belohorizonte.eleusal.com\/pt-br\/la-escuela\/#breadcrumb","itemListElement":[{"@type":"ListItem","position":1,"name":"Home","item":"https:\/\/belohorizonte.eleusal.com\/pt-br\/"},{"@type":"ListItem","position":2,"name":"A escola"}]},{"@type":"WebSite","@id":"https:\/\/belohorizonte.eleusal.com\/#website","url":"https:\/\/belohorizonte.eleusal.com\/","name":"ELE USAL Belo Horizonte","description":"ELE USAL","potentialAction":[{"@type":"SearchAction","target":{"@type":"EntryPoint","urlTemplate":"https:\/\/belohorizonte.eleusal.com\/?s={search_term_string}"},"query-input":{"@type":"PropertyValueSpecification","valueRequired":true,"valueName":"search_term_string"}}],"inLanguage":"pt-BR"}]}},"_links":{"self":[{"href":"https:\/\/belohorizonte.eleusal.com\/pt-br\/wp-json\/wp\/v2\/pages\/2002","targetHints":{"allow":["GET"]}}],"collection":[{"href":"https:\/\/belohorizonte.eleusal.com\/pt-br\/wp-json\/wp\/v2\/pages"}],"about":[{"href":"https:\/\/belohorizonte.eleusal.com\/pt-br\/wp-json\/wp\/v2\/types\/page"}],"author":[{"embeddable":true,"href":"https:\/\/belohorizonte.eleusal.com\/pt-br\/wp-json\/wp\/v2\/users\/17"}],"replies":[{"embeddable":true,"href":"https:\/\/belohorizonte.eleusal.com\/pt-br\/wp-json\/wp\/v2\/comments?post=2002"}],"version-history":[{"count":3,"href":"https:\/\/belohorizonte.eleusal.com\/pt-br\/wp-json\/wp\/v2\/pages\/2002\/revisions"}],"predecessor-version":[{"id":2496,"href":"https:\/\/belohorizonte.eleusal.com\/pt-br\/wp-json\/wp\/v2\/pages\/2002\/revisions\/2496"}],"wp:attachment":[{"href":"https:\/\/belohorizonte.eleusal.com\/pt-br\/wp-json\/wp\/v2\/media?parent=2002"}],"curies":[{"name":"wp","href":"https:\/\/api.w.org\/{rel}","templated":true}]}}